{"id":80754,"date":"2019-09-22T20:48:45","date_gmt":"2019-09-22T20:48:45","guid":{"rendered":"https:\/\/matyodesign.hu\/?page_id=80754"},"modified":"2025-04-11T12:34:42","modified_gmt":"2025-04-11T10:34:42","slug":"rendelesi-informaciok","status":"publish","type":"page","link":"https:\/\/matyodesign.hu\/de\/rendelesi-informaciok\/","title":{"rendered":"Informationen zur Bestellung"},"content":{"rendered":"<p><strong>RENDEL\u00c9SI INFORM\u00c1CI\u00d3K:<\/strong><\/p>\n<p>Webshopos rendel\u00e9sek eset\u00e9n a sz\u00e1ll\u00edt\u00e1si k\u00f6lts\u00e9g a vev\u0151t terheli.<\/p>\n<p>A term\u00e9ket minden esetben lez\u00e1rt bor\u00edt\u00e9kban\/dobozban adjuk fel, a kisz\u00e1ll\u00edt\u00e1s alatt fell\u00e9p\u0151 esetleges k\u00e1rok\u00e9rt nem v\u00e1llalunk felel\u0151ss\u00e9get.<\/p>\n<p>Lez\u00e1rt v\u00e1s\u00e1rl\u00e1s ut\u00e1n a term\u00e9k \u00e1r\u00e1t semmilyen esetben nem szolg\u00e1ltatjuk vissza, azonban cser\u00e9re van lehet\u0151s\u00e9g amennyiben gond van a m\u00e9rettel.<\/p>\n<p>C\u00e9lunk, hogy minden flottul m\u0171k\u00f6dj\u00f6n, ez\u00e9rt ha hib\u00e1t \u00e9szlelsz a folyamatban, k\u00e9rj\u00fck, \u00edrd meg nek\u00fcnk az info@matyodesign.hu c\u00edmre, mi pedig mindent megtesz\u00fcnk az\u00e9rt, hogy kijav\u00edtsuk.<\/p>\n<p><strong>Sz\u00e1ll\u00edt\u00e1s belf\u00f6ldre (Magyarorsz\u00e1gra)<\/strong><br \/>Sz\u00e1ll\u00edt\u00e1s hat\u00e1rid\u0151: Legt\u00f6bb term\u00e9k\u00fcnk el\u00e9rhet\u0151 rakt\u00e1runkban, \u00edgy azonnal tudjuk post\u00e1zni, bizonyos esetekben azonban 2-3 h\u00e9t is eltelhet a megrendel\u00e9s \u00e9s a post\u00e1z\u00e1s k\u00f6z\u00f6tt. Minden term\u00e9k\u00fcnk egyedi \u00e9s k\u00e9zzel k\u00e9sz\u00fcl, a h\u00edmz\u00e9si folyamatot k\u00e9rj\u00fck, tartsd tiszteletben.<\/p>\n<p><strong>Fut\u00e1rszolg\u00e1lat:<\/strong><br \/>Web\u00e1ruh\u00e1zunk megrendel\u00e9seit fut\u00e1rszolg\u00e1lat sz\u00e1ll\u00edtja ki a megadott c\u00edmre. A csomagok k\u00e9zbes\u00edt\u00e9se munkanapokon t\u00f6rt\u00e9nik 8.00 \u2013 17.00 \u00f3ra k\u00f6z\u00f6tti id\u0151szakban. Sz\u00e1ll\u00edt\u00e1si c\u00edmk\u00e9nt c\u00e9lszer\u0171 olyan c\u00edmet megadni, ahol a k\u00e9zbes\u00edt\u00e9s id\u0151pontj\u00e1ban te vagy meghatalmazottad tart\u00f3zkodik. A fut\u00e1rszolg\u00e1lat plusz k\u00e9tszeri k\u00e9zbes\u00edt\u00e9st k\u00eds\u00e9rel meg. Hib\u00e1s c\u00edm megad\u00e1sa eset\u00e9n felmer\u00fcl\u0151 kisz\u00e1ll\u00edt\u00e1s k\u00f6lts\u00e9g\u00e9t a megrendel\u0151re terhelj\u00fck.<br \/>Abban az esetben, ha az ut\u00e1nv\u00e9ttel k\u00fcld\u00f6tt csomagokat nem veszi \u00e1t a V\u00e1s\u00e1rl\u00f3, az minden esetben visszasz\u00e1ll\u00edt\u00e1sra ker\u00fcl az Elad\u00f3nak! A visszak\u00fcld\u00f6tt, \u00e1t nem vett csomagok eset\u00e9n a visszasz\u00e1ll\u00edt\u00e1s d\u00edj\u00e1t a megrendel\u0151re terhelj\u00fck. \u00dajrak\u00fcld\u00e9st kiz\u00e1r\u00f3lag a csomag ellen\u00e9rt\u00e9k\u00e9nek el\u0151re t\u00f6rt\u00e9n\u0151 \u00e1tutal\u00e1sa eset\u00e9n \u00e1ll m\u00f3dunkban ism\u00e9telten elind\u00edtani.<\/p>\n<p><strong>Sz\u00e1ll\u00edt\u00e1si d\u00edj:<\/strong><br \/>Megrendel\u00e9s eset\u00e9n a sz\u00e1ll\u00edt\u00e1s d\u00edja 1.800 Ft.<br \/>A sz\u00e1ll\u00edt\u00e1si d\u00edj tartalmazza a h\u00e1zhoz sz\u00e1ll\u00edt\u00e1st, nyomon k\u00f6vethet\u0151s\u00e9get, h\u00e1romszori k\u00e9zbes\u00edt\u00e9si k\u00eds\u00e9rletet, illetve az ut\u00e1nv\u00e9t d\u00edj\u00e1t.<br \/>Elad\u00f3 a sz\u00e1ll\u00edt\u00e1si d\u00edj v\u00e1ltoztat\u00e1s\u00e1nak jog\u00e1t fenntartja azzal, hogy a m\u00f3dos\u00edt\u00e1s a weboldalon val\u00f3 megjelen\u00e9ssel egyidej\u0171leg l\u00e9p hat\u00e1lyba. A m\u00f3dos\u00edt\u00e1s a m\u00e1r megrendelt csomagok v\u00e9tel\u00e1r\u00e1t nem befoly\u00e1solja!<\/p>\n<p><strong>Sz\u00e1ll\u00edt\u00e1s k\u00fclf\u00f6ldre<\/strong><br \/>A sz\u00e1ll\u00edt\u00e1si d\u00edjak \u00e9s hat\u00e1rid\u0151k magyarorsz\u00e1gi sz\u00e1ll\u00edt\u00e1s eset\u00e9n \u00e9rv\u00e9nyesek. K\u00fclf\u00f6ldi sz\u00e1ll\u00edt\u00e1si ig\u00e9nyedet k\u00e9rj\u00fck, jelezd \u00fcgyf\u00e9lszolg\u00e1latunknak az info@matyodesign.hu c\u00edmen. K\u00e9r\u00fcnk, hogy k\u00fcldd el e-mailben a rendelni k\u00edv\u00e1nt \u00e1ru cikksz\u00e1m\u00e1t \u00e9s mennyis\u00e9g\u00e9t, valamint a c\u00e9lorsz\u00e1got, hogy ez alapj\u00e1n ki tudjuk sz\u00e1molni a sz\u00e1ll\u00edt\u00e1si k\u00f6lts\u00e9get \u00e9s a sz\u00e1ll\u00edt\u00e1si hat\u00e1rid\u0151t. K\u00fclf\u00f6ldi sz\u00e1ll\u00edt\u00e1sn\u00e1l ut\u00e1nv\u00e9tet nem tudunk beszedni, ez\u00e9rt a megrendel\u00e9s v\u00e9g\u00f6sszeg\u00e9t bankk\u00e1rty\u00e1s online fizet\u00e9ssel vagy \u00e1tutal\u00e1ssal tudod rendezni.<\/p>\n<p><strong>Fizet\u00e9si felt\u00e9telek<\/strong><br \/>Fizet\u00e9s ut\u00e1nv\u00e9ttel: Ut\u00e1nv\u00e9t eset\u00e9n a megrendelt \u00e1ru\u00e9rt csak a csomag k\u00e9zhezv\u00e9tel\u00e9t k\u00f6vet\u0151en a fut\u00e1rnak fizetsz. Kiz\u00e1r\u00f3lag abban az esetben rendeld meg a k\u00edv\u00e1nt term\u00e9keket ut\u00e1nv\u00e9tellel, amennyiben a csomag \u00e1tv\u00e9telekor ki tudod fizetni annak d\u00edj\u00e1t a fut\u00e1rnak k\u00e9szp\u00e9nzben!<\/p>\n<p><strong>Szavatoss\u00e1g<\/strong><br \/>A megrendelt term\u00e9k \u00e9s a V\u00e1s\u00e1rl\u00f3 \u00e1ltal l\u00e1that\u00f3 sz\u00ednek k\u00f6z\u00f6tt bizonyos esetekben sz\u00ednelt\u00e9r\u00e9sek lehetnek, ez\u00e9rt az Elad\u00f3t semmilyen felel\u0151ss\u00e9g nem terheli.<\/p>\n<p>Szavatoss\u00e1gi\/j\u00f3t\u00e1ll\u00e1si jogok: ruh\u00e1zati term\u00e9kekre a Polg\u00e1ri t\u00f6rv\u00e9nyk\u00f6nyv rendelkez\u00e9sei az ir\u00e1nyad\u00f3ak. Minden term\u00e9kre k\u00e9t \u00e9v szavatoss\u00e1g j\u00e1r, melyb\u0151l az els\u0151 hat h\u00f3nap j\u00f3t\u00e1ll\u00e1s. Szavatoss\u00e1gi id\u0151ben a fogyaszt\u00f3t az al\u00e1bbi jogosults\u00e1gok illetik meg, ha a term\u00e9k gy\u00e1rt\u00e1si eredet\u0171 hib\u00e1ban szenved: kijav\u00edt\u00e1s vagy kicser\u00e9l\u00e9s, amennyiben ez nem lehets\u00e9ges akkor v\u00e9tel\u00e1rcs\u00f6kkent\u00e9s vagy el\u00e1ll\u00e1s.<br \/>A szavatoss\u00e1gi ig\u00e9ny \u00e9rv\u00e9nyes\u00edt\u00e9s\u00e9hez a v\u00e1s\u00e1rl\u00e1st igazol\u00f3 sz\u00e1mla (e-sz\u00e1mla nyomtatott p\u00e9ld\u00e1nya, vagy a pap\u00edralap\u00fa sz\u00e1mla), valamint a term\u00e9kbe eredetileg bevarrt c\u00edmke sz\u00fcks\u00e9ges. Szavatoss\u00e1gi ig\u00e9ny beny\u00fajt\u00e1s\u00e1r\u00f3l minden esetben jegyz\u0151k\u00f6nyvet kell ki\u00e1ll\u00edtani, melynek tartalmaznia kell a v\u00e1s\u00e1rl\u00e1ssal kapcsolatos adatokat, valamint a kifog\u00e1s t\u00e9ny\u00e9t. Ezen ig\u00e9ny\u00e9vel keresse fel \u00fcgyf\u00e9lszolg\u00e1latunkat.<\/p>\n<p><strong>El\u00e1ll\u00e1si jog<\/strong><br \/>Amennyiben a V\u00e1s\u00e1rl\u00f3 a term\u00e9k h\u00e1zhozsz\u00e1ll\u00edt\u00e1sa ut\u00e1n k\u00edv\u00e1n a v\u00e1s\u00e1rl\u00e1st\u00f3l (szerz\u0151d\u00e9st\u0151l) el\u00e1llni, azt az \u00e1ru \u00e1tv\u00e9tel\u00e9t k\u00f6vet\u0151 8 munkanapon bel\u00fcl, indokl\u00e1s n\u00e9lk\u00fcl megteheti. Jelen t\u00e1j\u00e9koztat\u00f3 hi\u00e1ny\u00e1ban a V\u00e1s\u00e1rl\u00f3 h\u00e1rom h\u00f3nap eltelt\u00e9ig jogosult gyakorolni az el\u00e1ll\u00e1si jog\u00e1t.<br \/>Amennyiben \u00e9lni szeretne el\u00e1ll\u00e1si jog\u00e1val annak jelz\u00e9s\u00e9t \u00edr\u00e1sban teheti meg. A postai \u00faton \u2013 aj\u00e1nlott k\u00fcldem\u00e9nyk\u00e9nt \u2013 \u00edr\u00e1sban t\u00f6rt\u00e9n\u0151 jelz\u00e9s alkalm\u00e1val a post\u00e1ra ad\u00e1s id\u0151pontj\u00e1t vessz\u00fck figyelembe. Az e-mailben (\u00fcgyf\u00e9lszolg\u00e1lat e-mailc\u00edm\u00e9re) \u00e9rkezett jelz\u00e9st abban az esetben tekintj\u00fck meg\u00e9rkezettnek, amennyiben az visszaigazol\u00e1sra ker\u00fcl.<br \/>A V\u00e1s\u00e1rl\u00f3 az el\u00e1ll\u00e1s jog\u00e1t att\u00f3l a napt\u00f3l kezdve gyakorolhatja, amikor az \u00e1rut \u00e1tvette. A megrendelt term\u00e9ket postai \u00faton, vagy fut\u00e1rszolg\u00e1lat seg\u00edts\u00e9g\u00e9vel juttasd vissza c\u00edm\u00fcnkre (Matyodesign Nonprofit Kft. 3416 Tard, R\u00e1k\u00f3czi \u00fat 30.\u00a0). Ig\u00e9ny szerint c\u00e9g\u00fcnkkel szerz\u0151d\u00e9sben \u00e1ll\u00f3 fut\u00e1rszolg\u00e1latot \u00e9rtes\u00edthetj\u00fck csomagfelad\u00e1si sz\u00e1nd\u00e9kodr\u00f3l, annak d\u00edj\u00e1t a csomag felad\u00e1sakor a fut\u00e1rnak kell megfizetni.<br \/>A term\u00e9ket eredeti, s\u00e9rtetlen, tiszta \u00e1llapotban, az eredeti bevarrt c\u00edmk\u00e9vel ell\u00e1tva kell visszajuttatnod, valamint csatolni kell a pap\u00edr alap\u00fa sz\u00e1mla eredeti p\u00e9ld\u00e1ny\u00e1t, vagy az e-sz\u00e1mla kinyomtatott p\u00e9ld\u00e1ny\u00e1t. Az Elad\u00f3 a v\u00e9tel\u00e1rat nem k\u00f6teles abban az esetben visszat\u00e9r\u00edteni, ha a term\u00e9k nem eredeti \u00e1llapot\u00e1ban ker\u00fclt visszasz\u00e1ll\u00edt\u00e1sra (pl. s\u00e9r\u00fclt, koszos stb.). A csomag c\u00e9g\u00fcnkh\u00f6z t\u00f6rt\u00e9n\u0151 be\u00e9rkez\u00e9s\u00e9t k\u00f6vet\u0151en k\u00e9t tan\u00fa jelenl\u00e9t\u00e9ben ker\u00fcl kibont\u00e1sra, illetve a visszak\u00fcld\u00f6tt term\u00e9k megvizsg\u00e1l\u00e1sa is bek\u00f6vetkezik. Erre az esetleges k\u00e9s\u0151bbiekben t\u00f6rt\u00e9n\u0151 f\u00e9lre\u00e9rt\u00e9sek elker\u00fcl\u00e9se v\u00e9gett van sz\u00fcks\u00e9g.<br \/>Az el\u00e1ll\u00e1si jog gyakorl\u00e1sa t\u00f6bbletk\u00f6lts\u00e9get nem jelent a V\u00e1s\u00e1rl\u00f3 sz\u00e1m\u00e1ra, a term\u00e9k visszajuttat\u00e1s\u00e1r\u00f3l azonban a V\u00e1s\u00e1rl\u00f3nak kell gondoskodnia, kiz\u00e1r\u00f3lag az ezzel kapcsolatos k\u00f6lts\u00e9gek terhelik a V\u00e1s\u00e1rl\u00f3t. A term\u00e9k visszaszolg\u00e1ltat\u00e1s\u00e1val kapcsolatban felmer\u00fclt k\u00f6lts\u00e9gek a V\u00e1s\u00e1rl\u00f3t terhelik. Az ut\u00e1nv\u00e9ttel k\u00fcld\u00f6tt csomagokat az Elad\u00f3 nem veszi \u00e1t! Csak az \u00edr\u00e1sban megtett visszak\u00fcld\u00e9s t\u00e9ny\u00e9t jelz\u0151 \u00e9rtes\u00edt\u00e9st k\u00f6vet\u0151en \u00e1ll m\u00f3dunkban \u00e1tvenni a k\u00fcldem\u00e9nyeket!<br \/>Az Elad\u00f3 a term\u00e9k vissza\u00e9rkez\u00e9s\u00e9t k\u00f6vet\u0151en halad\u00e9ktalanul, de legk\u00e9s\u0151bb 30 napon bel\u00fcl visszat\u00e9r\u00edti a v\u00e9tel\u00e1rat a V\u00e1s\u00e1rl\u00f3 r\u00e9sz\u00e9re. A v\u00e9tel\u00e1r visszafizet\u00e9s\u00e9t Elad\u00f3 csak a visszafizet\u00e9si k\u00f6telezetts\u00e9g kivizsg\u00e1l\u00e1sa ut\u00e1n ut\u00f3lag, banki \u00e1tutal\u00e1ssal tudja teljes\u00edteni. Ez\u00e9rt az el\u00e1ll\u00e1s bejelent\u00e9s\u00e9re szolg\u00e1l\u00f3 lev\u00e9lben k\u00e9rj\u00fck, adja meg a banki foly\u00f3sz\u00e1mlasz\u00e1m\u00e1t (3\u00d78 karakteres form\u00e1ban) a hozz\u00e1 tartoz\u00f3 n\u00e9vvel, \u00e9s a megrendel\u00e9s azonos\u00edt\u00f3j\u00e1val.<br \/>A visszat\u00e9r\u00edt\u00e9s nem \u00e9rv\u00e9nyes a sz\u00e1ll\u00edt\u00e1si k\u00f6lts\u00e9gre. A kisz\u00e1ll\u00edt\u00e1s d\u00edja k\u00f6zvet\u00edtett szolg\u00e1ltat\u00e1s, amit V\u00e1s\u00e1rl\u00f3 a csomag \u00e1tv\u00e9telekor teljes\u00edtett szolg\u00e1ltat\u00e1sk\u00e9nt elfogadott. A visszapost\u00e1z\u00e1si k\u00f6lts\u00e9get a V\u00e1s\u00e1rl\u00f3nak kell \u00e1llnia.<br \/>Elad\u00f3 sz\u00e1ll\u00edt\u00e1si k\u00e9sedelme eset\u00e9n a V\u00e1s\u00e1rl\u00f3 el\u00e1llhat a szerz\u0151d\u00e9st\u0151l, ekkor az Elad\u00f3 visszafizeti a \u2013 el\u0151re megfizetett \u2013 teljes v\u00e9tel\u00e1rat.<br \/>Kiemelten \u00fcgyelj a term\u00e9k rendeltet\u00e9sszer\u0171 haszn\u00e1lat\u00e1ra, ugyanis a nem rendeltet\u00e9sszer\u0171 haszn\u00e1lat\u00e1b\u00f3l ered\u0151 k\u00e1roknak megt\u00e9r\u00edt\u00e9se a V\u00e1s\u00e1rl\u00f3t terheli. Az el\u00e1ll\u00e1si jog gyakorl\u00e1sa eset\u00e9n Elad\u00f3 k\u00f6vetelheti a V\u00e1s\u00e1rl\u00f3t\u00f3l az \u00e1ru nem rendeltet\u00e9sszer\u0171 haszn\u00e1lat\u00e1b\u00f3l ered\u0151 k\u00e1rai megt\u00e9r\u00edt\u00e9s\u00e9t.<br \/>A leadott rendel\u00e9sekt\u0151l val\u00f3 el\u00e1ll\u00e1si jog gyakorl\u00e1s\u00e1ra vonatkoz\u00f3 t\u00f6rv\u00e9nyi szab\u00e1lyoz\u00e1st a 17\/1999.(II.5). korm\u00e1nyrendelet tartalmazza. A t\u00f6rv\u00e9ny megtekint\u00e9se itt: http:\/\/net.jogtar.hu\/jr\/gen\/hjegy_doc.cgi?docid=99900017.kor<\/p>","protected":false},"excerpt":{"rendered":"<p>RENDEL\u00c9SI INFORM\u00c1CI\u00d3K: Webshopos rendel\u00e9sek eset\u00e9n a sz\u00e1ll\u00edt\u00e1si k\u00f6lts\u00e9g a vev\u0151t terheli. A term\u00e9ket minden esetben lez\u00e1rt bor\u00edt\u00e9kban\/dobozban adjuk fel, a kisz\u00e1ll\u00edt\u00e1s alatt fell\u00e9p\u0151 esetleges k\u00e1rok\u00e9rt nem v\u00e1llalunk felel\u0151ss\u00e9get. Lez\u00e1rt v\u00e1s\u00e1rl\u00e1s ut\u00e1n a term\u00e9k \u00e1r\u00e1t semmilyen esetben nem szolg\u00e1ltatjuk vissza, azonban [&hellip;]<\/p>\n","protected":false},"author":1,"featured_media":0,"parent":0,"menu_order":0,"comment_status":"closed","ping_status":"closed","template":"","meta":{"footnotes":""},"class_list":["post-80754","page","type-page","status-publish","hentry"],"yoast_head":"<!-- This site is optimized with the Yoast SEO plugin v27.5 - https:\/\/yoast.com\/product\/yoast-seo-wordpress\/ -->\n<title>Rendel\u00e9si inform\u00e1ci\u00f3k \u2013 Matyodesign<\/title>\n<meta name=\"description\" content=\"Tudd meg, hogyan rendelhetsz a Matyodesignt\u00f3l! Fedezd fel h\u00edmzett p\u00f3l\u00f3inkat, ruh\u00e1inkat \u00e9s kieg\u00e9sz\u00edt\u0151inket, \u00e9s hozd el a hagyom\u00e1nyt a mindennapokba!\" \/>\n<meta name=\"robots\" content=\"index, follow, max-snippet:-1, max-image-preview:large, max-video-preview:-1\" \/>\n<link rel=\"canonical\" href=\"https:\/\/matyodesign.hu\/de\/rendelesi-informaciok\/\" \/>\n<meta property=\"og:locale\" content=\"de_DE\" \/>\n<meta property=\"og:type\" content=\"article\" \/>\n<meta property=\"og:title\" content=\"Rendel\u00e9si inform\u00e1ci\u00f3k \u2013 Matyodesign\" \/>\n<meta property=\"og:description\" content=\"Tudd meg, hogyan rendelhetsz a Matyodesignt\u00f3l! Fedezd fel h\u00edmzett p\u00f3l\u00f3inkat, ruh\u00e1inkat \u00e9s kieg\u00e9sz\u00edt\u0151inket, \u00e9s hozd el a hagyom\u00e1nyt a mindennapokba!\" \/>\n<meta property=\"og:url\" content=\"https:\/\/matyodesign.hu\/de\/rendelesi-informaciok\/\" \/>\n<meta property=\"og:site_name\" content=\"matyodesign\" \/>\n<meta property=\"article:modified_time\" content=\"2025-04-11T10:34:42+00:00\" \/>\n<meta name=\"twitter:card\" content=\"summary_large_image\" \/>\n<meta name=\"twitter:label1\" content=\"Gesch\u00e4tzte Lesezeit\" \/>\n\t<meta name=\"twitter:data1\" content=\"5\u00a0Minuten\" \/>\n<script type=\"application\/ld+json\" class=\"yoast-schema-graph\">{\"@context\":\"https:\\\/\\\/schema.org\",\"@graph\":[{\"@type\":\"WebPage\",\"@id\":\"https:\\\/\\\/matyodesign.hu\\\/rendelesi-informaciok\\\/\",\"url\":\"https:\\\/\\\/matyodesign.hu\\\/rendelesi-informaciok\\\/\",\"name\":\"Rendel\u00e9si inform\u00e1ci\u00f3k \u2013 Matyodesign\",\"isPartOf\":{\"@id\":\"https:\\\/\\\/matyodesign.hu\\\/#website\"},\"datePublished\":\"2019-09-22T20:48:45+00:00\",\"dateModified\":\"2025-04-11T10:34:42+00:00\",\"description\":\"Tudd meg, hogyan rendelhetsz a Matyodesignt\u00f3l! Fedezd fel h\u00edmzett p\u00f3l\u00f3inkat, ruh\u00e1inkat \u00e9s kieg\u00e9sz\u00edt\u0151inket, \u00e9s hozd el a hagyom\u00e1nyt a mindennapokba!\",\"breadcrumb\":{\"@id\":\"https:\\\/\\\/matyodesign.hu\\\/rendelesi-informaciok\\\/#breadcrumb\"},\"inLanguage\":\"de\",\"potentialAction\":[{\"@type\":\"ReadAction\",\"target\":[\"https:\\\/\\\/matyodesign.hu\\\/rendelesi-informaciok\\\/\"]}]},{\"@type\":\"BreadcrumbList\",\"@id\":\"https:\\\/\\\/matyodesign.hu\\\/rendelesi-informaciok\\\/#breadcrumb\",\"itemListElement\":[{\"@type\":\"ListItem\",\"position\":1,\"name\":\"Kezd\u0151lap\",\"item\":\"https:\\\/\\\/matyodesign.hu\\\/\"},{\"@type\":\"ListItem\",\"position\":2,\"name\":\"Rendel\u00e9si inform\u00e1ci\u00f3k\"}]},{\"@type\":\"WebSite\",\"@id\":\"https:\\\/\\\/matyodesign.hu\\\/#website\",\"url\":\"https:\\\/\\\/matyodesign.hu\\\/\",\"name\":\"matyodesign\",\"description\":\"K\u00e9zzel. Szeretettel. Neked.\",\"potentialAction\":[{\"@type\":\"SearchAction\",\"target\":{\"@type\":\"EntryPoint\",\"urlTemplate\":\"https:\\\/\\\/matyodesign.hu\\\/?s={search_term_string}\"},\"query-input\":{\"@type\":\"PropertyValueSpecification\",\"valueRequired\":true,\"valueName\":\"search_term_string\"}}],\"inLanguage\":\"de\"}]}<\/script>\n<!-- \/ Yoast SEO plugin. -->","yoast_head_json":{"title":"Rendel\u00e9si inform\u00e1ci\u00f3k \u2013 Matyodesign","description":"Tudd meg, hogyan rendelhetsz a Matyodesignt\u00f3l! Fedezd fel h\u00edmzett p\u00f3l\u00f3inkat, ruh\u00e1inkat \u00e9s kieg\u00e9sz\u00edt\u0151inket, \u00e9s hozd el a hagyom\u00e1nyt a mindennapokba!","robots":{"index":"index","follow":"follow","max-snippet":"max-snippet:-1","max-image-preview":"max-image-preview:large","max-video-preview":"max-video-preview:-1"},"canonical":"https:\/\/matyodesign.hu\/de\/rendelesi-informaciok\/","og_locale":"de_DE","og_type":"article","og_title":"Rendel\u00e9si inform\u00e1ci\u00f3k \u2013 Matyodesign","og_description":"Tudd meg, hogyan rendelhetsz a Matyodesignt\u00f3l! Fedezd fel h\u00edmzett p\u00f3l\u00f3inkat, ruh\u00e1inkat \u00e9s kieg\u00e9sz\u00edt\u0151inket, \u00e9s hozd el a hagyom\u00e1nyt a mindennapokba!","og_url":"https:\/\/matyodesign.hu\/de\/rendelesi-informaciok\/","og_site_name":"matyodesign","article_modified_time":"2025-04-11T10:34:42+00:00","twitter_card":"summary_large_image","twitter_misc":{"Gesch\u00e4tzte Lesezeit":"5\u00a0Minuten"},"schema":{"@context":"https:\/\/schema.org","@graph":[{"@type":"WebPage","@id":"https:\/\/matyodesign.hu\/rendelesi-informaciok\/","url":"https:\/\/matyodesign.hu\/rendelesi-informaciok\/","name":"Rendel\u00e9si inform\u00e1ci\u00f3k \u2013 Matyodesign","isPartOf":{"@id":"https:\/\/matyodesign.hu\/#website"},"datePublished":"2019-09-22T20:48:45+00:00","dateModified":"2025-04-11T10:34:42+00:00","description":"Tudd meg, hogyan rendelhetsz a Matyodesignt\u00f3l! Fedezd fel h\u00edmzett p\u00f3l\u00f3inkat, ruh\u00e1inkat \u00e9s kieg\u00e9sz\u00edt\u0151inket, \u00e9s hozd el a hagyom\u00e1nyt a mindennapokba!","breadcrumb":{"@id":"https:\/\/matyodesign.hu\/rendelesi-informaciok\/#breadcrumb"},"inLanguage":"de","potentialAction":[{"@type":"ReadAction","target":["https:\/\/matyodesign.hu\/rendelesi-informaciok\/"]}]},{"@type":"BreadcrumbList","@id":"https:\/\/matyodesign.hu\/rendelesi-informaciok\/#breadcrumb","itemListElement":[{"@type":"ListItem","position":1,"name":"Kezd\u0151lap","item":"https:\/\/matyodesign.hu\/"},{"@type":"ListItem","position":2,"name":"Rendel\u00e9si inform\u00e1ci\u00f3k"}]},{"@type":"WebSite","@id":"https:\/\/matyodesign.hu\/#website","url":"https:\/\/matyodesign.hu\/","name":"matyodesign","description":"K\u00e9zzel. Szeretettel. Neked.","potentialAction":[{"@type":"SearchAction","target":{"@type":"EntryPoint","urlTemplate":"https:\/\/matyodesign.hu\/?s={search_term_string}"},"query-input":{"@type":"PropertyValueSpecification","valueRequired":true,"valueName":"search_term_string"}}],"inLanguage":"de"}]}},"_links":{"self":[{"href":"https:\/\/matyodesign.hu\/de\/wp-json\/wp\/v2\/pages\/80754","targetHints":{"allow":["GET"]}}],"collection":[{"href":"https:\/\/matyodesign.hu\/de\/wp-json\/wp\/v2\/pages"}],"about":[{"href":"https:\/\/matyodesign.hu\/de\/wp-json\/wp\/v2\/types\/page"}],"author":[{"embeddable":true,"href":"https:\/\/matyodesign.hu\/de\/wp-json\/wp\/v2\/users\/1"}],"replies":[{"embeddable":true,"href":"https:\/\/matyodesign.hu\/de\/wp-json\/wp\/v2\/comments?post=80754"}],"version-history":[{"count":1,"href":"https:\/\/matyodesign.hu\/de\/wp-json\/wp\/v2\/pages\/80754\/revisions"}],"predecessor-version":[{"id":99905,"href":"https:\/\/matyodesign.hu\/de\/wp-json\/wp\/v2\/pages\/80754\/revisions\/99905"}],"wp:attachment":[{"href":"https:\/\/matyodesign.hu\/de\/wp-json\/wp\/v2\/media?parent=80754"}],"curies":[{"name":"wp","href":"https:\/\/api.w.org\/{rel}","templated":true}]}}