{"id":103292,"date":"2025-09-13T09:26:24","date_gmt":"2025-09-13T07:26:24","guid":{"rendered":"https:\/\/matyodesign.hu\/?post_type=product&#038;p=103292"},"modified":"2026-08-31T21:38:15","modified_gmt":"2026-08-31T19:38:15","slug":"feher-lezser-polo","status":"publish","type":"product","link":"https:\/\/matyodesign.hu\/de\/termek\/feher-lezser-polo\/","title":{"rendered":"FEH\u00c9R LEZSER P\u00d3L\u00d3"},"content":{"rendered":"<p><strong>Feh\u00e9r lezser p\u00f3l\u00f3<\/strong><\/p>\n<p>Magst du keine auff\u00e4lligen Farben, m\u00f6chtest aber den Fr\u00fchling mit einem lockeren T-Shirt feiern, dann lass die Blumen auf deiner Schulter bl\u00fchen.<\/p>\n<p>Die Stickerei befindet sich nur auf einer Schulter.<\/p>\n<p><strong>Stil und Tradition an einem Ort.<\/strong><br \/>\nIn den Produkten von matyodesign treffen ungarische Handwerkstraditionen auf moderne Nachhaltigkeitswerte. W\u00e4hle dieses Damen-T-Shirt und unterst\u00fctze die lokale Handwerksgemeinschaft!<\/p>\n<p>Vervollst\u00e4ndige dein Outfit mit weiteren Accessoires von matyodesign. Schau in unserem Webshop vorbei und finde die perfekte Kombination: <a href=\"https:\/\/matyodesign.hu\/de\/\" target=\"_new\" rel=\"noopener\">https:\/\/matyodesign.hu<\/a><\/p>\n<p><strong>Wusstest du?<\/strong><\/p>\n<p>Unsere handgefertigten Produkte bieten Arbeit f\u00fcr 45 Frauen in Tardo, einem kleinen Dorf im Nordosten Ungarns. Die Mission von matyodesign besteht nicht nur darin, die Tradition am Leben zu erhalten, sondern sie auch auf hohem Niveau neu zu erschaffen, mit Blick auf die Einzigartigkeit und gleichzeitig unter Ber\u00fccksichtigung der Herausforderungen der Gegenwart.<\/p>\n<p>Wir haben die matyodesign-Community gegr\u00fcndet, nicht zu vergessen die Bestrebungen, die mit den Herausforderungen der heutigen Welt \u00fcbereinstimmen: Wir leben in einem ethischen Gesch\u00e4ftsmodell, Wertsch\u00f6pfung im Laufe der Zeit anstelle von Wegwerfprodukten und verantwortungsvolles Einkaufen und Nachhaltigkeit sind dar\u00fcber hinaus auch wichtige Teile unseres Ethos zur Weitergabe der Werte der Vergangenheit. Die Maty\u00f3-Stickerei wurde in die UNESCO-Liste des geistigen und kulturellen Erbes aufgenommen.<\/p>\n<p>Folge uns auch auf unserer Facebook-Seite: <a href=\"https:\/\/www.facebook.com\/matyodesign\">https:\/\/www.facebook.com\/matyodesign<\/a><\/p>\n<p>&nbsp;<\/p>","protected":false},"excerpt":{"rendered":"<p>Magst du keine auff\u00e4lligen Farben, m\u00f6chtest aber den Fr\u00fchling mit einem lockeren T-Shirt feiern, dann lass die Blumen auf deiner Schulter bl\u00fchen.<\/p>\n<p>Die Stickerei befindet sich nur auf einer Schulter.<\/p>\n<p>&nbsp;<\/p>\n<p>&nbsp;<\/p>","protected":false},"featured_media":100131,"template":"","meta":[],"product_brand":[],"product_cat":[582],"product_tag":[],"class_list":["post-103292","product","type-product","status-publish","has-post-thumbnail","product_cat-outlet","first","instock","sale","shipping-taxable","purchasable","product-type-variable"],"yoast_head":"<!-- This site is optimized with the Yoast SEO plugin v27.5 - https:\/\/yoast.com\/product\/yoast-seo-wordpress\/ -->\n<title>FEH\u00c9R LEZSER P\u00d3L\u00d3 - matyodesign<\/title>\n<meta name=\"description\" content=\"Feh\u00e9r lezser p\u00f3l\u00f3 - ha nem szereted a hars\u00e1ny sz\u00edneket, de egy laza p\u00f3l\u00f3val meg\u00fcnnepeln\u00e9d, hogy itt a tavasz \u2013 \u00e9s a v\u00e1lladon vir\u00e1gok ny\u00edlnak\u2026\" \/>\n<meta name=\"robots\" content=\"index, follow, max-snippet:-1, max-image-preview:large, max-video-preview:-1\" \/>\n<link rel=\"canonical\" href=\"https:\/\/matyodesign.hu\/de\/termek\/feher-lezser-polo\/\" \/>\n<meta property=\"og:locale\" content=\"de_DE\" \/>\n<meta property=\"og:type\" content=\"article\" \/>\n<meta property=\"og:title\" content=\"FEH\u00c9R LEZSER P\u00d3L\u00d3 - matyodesign\" \/>\n<meta property=\"og:description\" content=\"Feh\u00e9r lezser p\u00f3l\u00f3 - ha nem szereted a hars\u00e1ny sz\u00edneket, de egy laza p\u00f3l\u00f3val meg\u00fcnnepeln\u00e9d, hogy itt a tavasz \u2013 \u00e9s a v\u00e1lladon vir\u00e1gok ny\u00edlnak\u2026\" \/>\n<meta property=\"og:url\" content=\"https:\/\/matyodesign.hu\/de\/termek\/feher-lezser-polo\/\" \/>\n<meta property=\"og:site_name\" content=\"matyodesign\" \/>\n<meta property=\"article:modified_time\" content=\"2026-08-31T19:38:15+00:00\" \/>\n<meta property=\"og:image\" content=\"https:\/\/matyodesign.hu\/wp-content\/uploads\/2024\/05\/lezser_polo_feher_2.jpg\" \/>\n\t<meta property=\"og:image:width\" content=\"800\" \/>\n\t<meta property=\"og:image:height\" content=\"800\" \/>\n\t<meta property=\"og:image:type\" content=\"image\/jpeg\" \/>\n<meta name=\"twitter:card\" content=\"summary_large_image\" \/>\n<meta name=\"twitter:label1\" content=\"Gesch\u00e4tzte Lesezeit\" \/>\n\t<meta name=\"twitter:data1\" content=\"2\u00a0Minuten\" \/>\n<script type=\"application\/ld+json\" class=\"yoast-schema-graph\">{\"@context\":\"https:\\\/\\\/schema.org\",\"@graph\":[{\"@type\":\"WebPage\",\"@id\":\"https:\\\/\\\/matyodesign.hu\\\/termek\\\/feher-lezser-polo\\\/\",\"url\":\"https:\\\/\\\/matyodesign.hu\\\/termek\\\/feher-lezser-polo\\\/\",\"name\":\"FEH\u00c9R LEZSER P\u00d3L\u00d3 - matyodesign\",\"isPartOf\":{\"@id\":\"https:\\\/\\\/matyodesign.hu\\\/#website\"},\"primaryImageOfPage\":{\"@id\":\"https:\\\/\\\/matyodesign.hu\\\/termek\\\/feher-lezser-polo\\\/#primaryimage\"},\"image\":{\"@id\":\"https:\\\/\\\/matyodesign.hu\\\/termek\\\/feher-lezser-polo\\\/#primaryimage\"},\"thumbnailUrl\":\"https:\\\/\\\/matyodesign.hu\\\/wp-content\\\/uploads\\\/2024\\\/05\\\/lezser_polo_feher_2.jpg\",\"datePublished\":\"2025-09-13T07:26:24+00:00\",\"dateModified\":\"2026-08-31T19:38:15+00:00\",\"description\":\"Feh\u00e9r lezser p\u00f3l\u00f3 - ha nem szereted a hars\u00e1ny sz\u00edneket, de egy laza p\u00f3l\u00f3val meg\u00fcnnepeln\u00e9d, hogy itt a tavasz \u2013 \u00e9s a v\u00e1lladon vir\u00e1gok ny\u00edlnak\u2026\",\"breadcrumb\":{\"@id\":\"https:\\\/\\\/matyodesign.hu\\\/termek\\\/feher-lezser-polo\\\/#breadcrumb\"},\"inLanguage\":\"de\",\"potentialAction\":[{\"@type\":\"ReadAction\",\"target\":[\"https:\\\/\\\/matyodesign.hu\\\/termek\\\/feher-lezser-polo\\\/\"]}]},{\"@type\":\"ImageObject\",\"inLanguage\":\"de\",\"@id\":\"https:\\\/\\\/matyodesign.hu\\\/termek\\\/feher-lezser-polo\\\/#primaryimage\",\"url\":\"https:\\\/\\\/matyodesign.hu\\\/wp-content\\\/uploads\\\/2024\\\/05\\\/lezser_polo_feher_2.jpg\",\"contentUrl\":\"https:\\\/\\\/matyodesign.hu\\\/wp-content\\\/uploads\\\/2024\\\/05\\\/lezser_polo_feher_2.jpg\",\"width\":800,\"height\":800,\"caption\":\"Lezser p\u00f3l\u00f3 feh\u00e9r, h\u00edmzett bl\u00faz webshop\"},{\"@type\":\"BreadcrumbList\",\"@id\":\"https:\\\/\\\/matyodesign.hu\\\/termek\\\/feher-lezser-polo\\\/#breadcrumb\",\"itemListElement\":[{\"@type\":\"ListItem\",\"position\":1,\"name\":\"Kezd\u0151lap\",\"item\":\"https:\\\/\\\/matyodesign.hu\\\/\"},{\"@type\":\"ListItem\",\"position\":2,\"name\":\"Webshop\",\"item\":\"https:\\\/\\\/matyodesign.hu\\\/webshop\\\/\"},{\"@type\":\"ListItem\",\"position\":3,\"name\":\"FEH\u00c9R LEZSER P\u00d3L\u00d3\"}]},{\"@type\":\"WebSite\",\"@id\":\"https:\\\/\\\/matyodesign.hu\\\/#website\",\"url\":\"https:\\\/\\\/matyodesign.hu\\\/\",\"name\":\"matyodesign\",\"description\":\"K\u00e9zzel. Szeretettel. Neked.\",\"potentialAction\":[{\"@type\":\"SearchAction\",\"target\":{\"@type\":\"EntryPoint\",\"urlTemplate\":\"https:\\\/\\\/matyodesign.hu\\\/?s={search_term_string}\"},\"query-input\":{\"@type\":\"PropertyValueSpecification\",\"valueRequired\":true,\"valueName\":\"search_term_string\"}}],\"inLanguage\":\"de\"}]}<\/script>\n<!-- \/ Yoast SEO plugin. -->","yoast_head_json":{"title":"FEH\u00c9R LEZSER P\u00d3L\u00d3 - matyodesign","description":"Feh\u00e9r lezser p\u00f3l\u00f3 - ha nem szereted a hars\u00e1ny sz\u00edneket, de egy laza p\u00f3l\u00f3val meg\u00fcnnepeln\u00e9d, hogy itt a tavasz \u2013 \u00e9s a v\u00e1lladon vir\u00e1gok ny\u00edlnak\u2026","robots":{"index":"index","follow":"follow","max-snippet":"max-snippet:-1","max-image-preview":"max-image-preview:large","max-video-preview":"max-video-preview:-1"},"canonical":"https:\/\/matyodesign.hu\/de\/termek\/feher-lezser-polo\/","og_locale":"de_DE","og_type":"article","og_title":"FEH\u00c9R LEZSER P\u00d3L\u00d3 - matyodesign","og_description":"Feh\u00e9r lezser p\u00f3l\u00f3 - ha nem szereted a hars\u00e1ny sz\u00edneket, de egy laza p\u00f3l\u00f3val meg\u00fcnnepeln\u00e9d, hogy itt a tavasz \u2013 \u00e9s a v\u00e1lladon vir\u00e1gok ny\u00edlnak\u2026","og_url":"https:\/\/matyodesign.hu\/de\/termek\/feher-lezser-polo\/","og_site_name":"matyodesign","article_modified_time":"2026-08-31T19:38:15+00:00","og_image":[{"width":800,"height":800,"url":"https:\/\/matyodesign.hu\/wp-content\/uploads\/2024\/05\/lezser_polo_feher_2.jpg","type":"image\/jpeg"}],"twitter_card":"summary_large_image","twitter_misc":{"Gesch\u00e4tzte Lesezeit":"2\u00a0Minuten"},"schema":{"@context":"https:\/\/schema.org","@graph":[{"@type":"WebPage","@id":"https:\/\/matyodesign.hu\/termek\/feher-lezser-polo\/","url":"https:\/\/matyodesign.hu\/termek\/feher-lezser-polo\/","name":"FEH\u00c9R LEZSER P\u00d3L\u00d3 - matyodesign","isPartOf":{"@id":"https:\/\/matyodesign.hu\/#website"},"primaryImageOfPage":{"@id":"https:\/\/matyodesign.hu\/termek\/feher-lezser-polo\/#primaryimage"},"image":{"@id":"https:\/\/matyodesign.hu\/termek\/feher-lezser-polo\/#primaryimage"},"thumbnailUrl":"https:\/\/matyodesign.hu\/wp-content\/uploads\/2024\/05\/lezser_polo_feher_2.jpg","datePublished":"2025-09-13T07:26:24+00:00","dateModified":"2026-08-31T19:38:15+00:00","description":"Feh\u00e9r lezser p\u00f3l\u00f3 - ha nem szereted a hars\u00e1ny sz\u00edneket, de egy laza p\u00f3l\u00f3val meg\u00fcnnepeln\u00e9d, hogy itt a tavasz \u2013 \u00e9s a v\u00e1lladon vir\u00e1gok ny\u00edlnak\u2026","breadcrumb":{"@id":"https:\/\/matyodesign.hu\/termek\/feher-lezser-polo\/#breadcrumb"},"inLanguage":"de","potentialAction":[{"@type":"ReadAction","target":["https:\/\/matyodesign.hu\/termek\/feher-lezser-polo\/"]}]},{"@type":"ImageObject","inLanguage":"de","@id":"https:\/\/matyodesign.hu\/termek\/feher-lezser-polo\/#primaryimage","url":"https:\/\/matyodesign.hu\/wp-content\/uploads\/2024\/05\/lezser_polo_feher_2.jpg","contentUrl":"https:\/\/matyodesign.hu\/wp-content\/uploads\/2024\/05\/lezser_polo_feher_2.jpg","width":800,"height":800,"caption":"Lezser p\u00f3l\u00f3 feh\u00e9r, h\u00edmzett bl\u00faz webshop"},{"@type":"BreadcrumbList","@id":"https:\/\/matyodesign.hu\/termek\/feher-lezser-polo\/#breadcrumb","itemListElement":[{"@type":"ListItem","position":1,"name":"Kezd\u0151lap","item":"https:\/\/matyodesign.hu\/"},{"@type":"ListItem","position":2,"name":"Webshop","item":"https:\/\/matyodesign.hu\/webshop\/"},{"@type":"ListItem","position":3,"name":"FEH\u00c9R LEZSER P\u00d3L\u00d3"}]},{"@type":"WebSite","@id":"https:\/\/matyodesign.hu\/#website","url":"https:\/\/matyodesign.hu\/","name":"matyodesign","description":"K\u00e9zzel. Szeretettel. Neked.","potentialAction":[{"@type":"SearchAction","target":{"@type":"EntryPoint","urlTemplate":"https:\/\/matyodesign.hu\/?s={search_term_string}"},"query-input":{"@type":"PropertyValueSpecification","valueRequired":true,"valueName":"search_term_string"}}],"inLanguage":"de"}]}},"_links":{"self":[{"href":"https:\/\/matyodesign.hu\/de\/wp-json\/wp\/v2\/product\/103292","targetHints":{"allow":["GET"]}}],"collection":[{"href":"https:\/\/matyodesign.hu\/de\/wp-json\/wp\/v2\/product"}],"about":[{"href":"https:\/\/matyodesign.hu\/de\/wp-json\/wp\/v2\/types\/product"}],"wp:attachment":[{"href":"https:\/\/matyodesign.hu\/de\/wp-json\/wp\/v2\/media?parent=103292"}],"wp:term":[{"taxonomy":"product_brand","embeddable":true,"href":"https:\/\/matyodesign.hu\/de\/wp-json\/wp\/v2\/product_brand?post=103292"},{"taxonomy":"product_cat","embeddable":true,"href":"https:\/\/matyodesign.hu\/de\/wp-json\/wp\/v2\/product_cat?post=103292"},{"taxonomy":"product_tag","embeddable":true,"href":"https:\/\/matyodesign.hu\/de\/wp-json\/wp\/v2\/product_tag?post=103292"}],"curies":[{"name":"wp","href":"https:\/\/api.w.org\/{rel}","templated":true}]}}