{"id":24363,"date":"2015-06-26T11:33:18","date_gmt":"2015-06-26T09:33:18","guid":{"rendered":"https:\/\/undsgn.com\/uncode\/?page_id=24363"},"modified":"2025-04-11T11:12:03","modified_gmt":"2025-04-11T09:12:03","slug":"gdpr","status":"publish","type":"page","link":"https:\/\/matyodesign.hu\/en\/gdpr\/","title":{"rendered":"GDPR &#8211; Adatkezel\u00e9si szab\u00e1lyzat"},"content":{"rendered":"<section class=\"wpb-content-wrapper\"><div class=\"vc_row wpb_row vc_row-fluid\" ><div class=\"wpb_column vc_column_container vc_col-sm-12\"><div class=\"vc_column-inner\"><div class=\"wpb_wrapper\">\n\t<div class=\"wpb_text_column wpb_content_element\" >\n\t\t<div class=\"wpb_wrapper\">\n\t\t\t<p class=\"p3\"><span class=\"s1\"><b>1.\u00a0\u00c1ltal\u00e1nos<\/b><\/span><\/p>\n<p class=\"p3\"><span class=\"s1\">Az adatv\u00e9delem bizalom k\u00e9rd\u00e9se, mi pedig azt szeretn\u00e9nk, hogy b\u00edzzon benn\u00fcnk a szem\u00e9lyes adatainak megfelel\u0151 v\u00e9delm\u00e9t illet\u0151en. K\u00f6vetkez\u00e9sk\u00e9ppen,<\/span><\/p>\n<p class=\"p3\"><span class=\"s1\">a Matyodesign Nonprofit Kft., <\/span><\/p>\n<p class=\"p3\"><span class=\"s1\">sz\u00e9khely: 3416 Tard, R\u00e1k\u00f3czi \u00fat 30,<\/span><\/p>\n<p class=\"p3\"><span class=\"s1\">c\u00e9gjegyz\u00e9ksz\u00e1m: 05-09-027462, ad\u00f3sz\u00e1m: 25060623-2-05,<\/span><\/p>\n<p class=\"p3\"><span class=\"s1\">Nyilv\u00e1ntart\u00f3\u200b \u200b B\u00edr\u00f3s\u00e1g: Miskolci T\u00f6rv\u00e9nysz\u00e9k C\u00e9gb\u00edr\u00f3s\u00e1ga<\/span><\/p>\n<p class=\"p3\"><span class=\"s1\">(a tov\u00e1bbiakban: Adatkezel\u0151),<\/span><\/p>\n<p class=\"p3\"><span class=\"s1\">mindenkor k\u00f6telezetts\u00e9get v\u00e1llal az adatv\u00e9delmi jogszab\u00e1lyok betart\u00e1s\u00e1ra \u00e9s folyamatosan t\u00e1j\u00e9koztatja \u00d6nt az adatgy\u0171jt\u00e9s m\u00f3dj\u00e1r\u00f3l \u00e9s az adatok felhaszn\u00e1l\u00e1s\u00e1r\u00f3l a weboldalon.<\/span><\/p>\n<p class=\"p3\"><span class=\"s1\"><b>Szem\u00e9lyes inform\u00e1ci\u00f3k\u00a0<\/b><\/span><\/p>\n<p class=\"p3\"><span class=\"s1\">Szem\u00e9lyes inform\u00e1ci\u00f3k alatt b\u00e1rmely olyan t\u00e9nyszer\u0171 vagy szem\u00e9lyes inform\u00e1ci\u00f3 \u00e9rtend\u0151, amely egy azonos\u00edtott vagy azonos\u00edthat\u00f3 szem\u00e9lyre vonatkozik. Ez mag\u00e1ban foglalja az \u00d6n nev\u00e9t, telefonsz\u00e1m\u00e1t, c\u00edm\u00e9t \u00e9s valamennyi kapcsol\u00f3d\u00f3 adatot, amelyet megkapunk, amikor lead egy rendel\u00e9st vagy \u00fcgyf\u00e9lfi\u00f3kot nyit. Nem tartalmaz statisztikai adatokat, amelyeket akkor gy\u0171jt\u00fcnk, amikor \u00d6n ell\u00e1togat a weboldalunkra \u00e9s amelyek nem kapcsolhat\u00f3k k\u00f6zvetlen\u00fcl \u00d6nh\u00f6z, mint egy\u00e9nhez.<\/span><\/p>\n<p class=\"p3\"><span class=\"s1\"><b>2.\u00a0Hogyan haszn\u00e1lja a Matyodesign Nonprofit Kft. az adataimat?<\/b><\/span><\/p>\n<p class=\"p3\"><span class=\"s1\">Weboldalunk lehet\u0151v\u00e9 teszi term\u00e9keink online megrendel\u00e9s\u00e9t. A megrendel\u00e9s (szerz\u0151d\u00e9s) v\u00e9grehajt\u00e1s\u00e1hoz \u00e9s a megrendel\u00e9s lead\u00e1sakor l\u00e9trehozott szerz\u0151d\u00e9s teljes\u00edt\u00e9s\u00e9hez a Matyodesign Nonprofit Kft. feldolgozza az \u00e1ltala gy\u0171jt\u00f6tt szem\u00e9lyes adatokat. Elmentj\u00fck az \u00d6n kapcsolattart\u00e1si adatit \u00e9s egy\u00e9b szem\u00e9lyes inform\u00e1ci\u00f3it, amelyet k\u00f6zz\u00e9tesz a sz\u00e1munkra a megrendel\u00e9s lead\u00e1sakor (bele\u00e9rtve a nev\u00e9t, c\u00edm\u00e9t, e-mail c\u00edm\u00e9t, fizet\u00e9si \u00e9s visszak\u00fcld\u00e9si inform\u00e1ci\u00f3kat), hogy lehet\u0151v\u00e9 tegye sz\u00e1munkra a megrendel\u00e9se feldolgoz\u00e1s\u00e1t \u00e9s az \u00fcgyf\u00e9lfi\u00f3kj\u00e1nak kezel\u00e9s\u00e9t. Az EU GDPR (az EU \u00e1ltal\u00e1nos adatv\u00e9delmi rendelet\u00e9nek) 6 (1) b cikke enged\u00e9lyezi ezt a sz\u00e1munkra.<\/span><\/p>\n<p class=\"p3\"><span class=\"s1\"><b>a.\u00a0Saj\u00e1t fi\u00f3k\/\u00fcgyf\u00e9lfi\u00f3k<\/b><\/span><\/p>\n<p class=\"p3\"><span class=\"s1\">Online \u00e1ruh\u00e1zunk haszn\u00e1latakor \u00d6nnek lehet\u0151s\u00e9ge van egy jelsz\u00f3val v\u00e9dett \u00fcgyf\u00e9lfi\u00f3k megnyit\u00e1s\u00e1ra, ahol b\u00e1rmikor hozz\u00e1f\u00e9rhet az elmentett adataihoz. Lehet\u0151s\u00e9ge van arra is, hogy megv\u00e1ltoztassa, m\u00f3dos\u00edtsa vagy t\u00f6r\u00f6lje b\u00e1rmely adatot \u00e9s kezelje azt, amihez a hozz\u00e1j\u00e1rul\u00e1s\u00e1t adta. Amikor egy online \u00fcgyf\u00e9lfi\u00f3kot nyit, elt\u00e1roljuk az \u00d6n vezet\u00e9knev\u00e9t, keresztnev\u00e9t, kisz\u00e1ll\u00edt\u00e1si c\u00edm\u00e9t, telefonsz\u00e1m\u00e1t \u00e9s e-mail c\u00edm\u00e9t. Ez az inform\u00e1ci\u00f3 ahhoz sz\u00fcks\u00e9ges, hogy \u00d6n megrendel\u00e9seket adhasson le a Matyodesign online \u00e1ruh\u00e1z\u00e1ban.<\/span><\/p>\n<p class=\"p3\"><span class=\"s1\">Az EU GDPR (az EU \u00e1ltal\u00e1nos adatv\u00e9delmi rendelet\u00e9nek) 6 (1) b cikke enged\u00e9lyezi ezt a sz\u00e1munkra.<\/span><\/p>\n<p class=\"p3\"><span class=\"s1\"><b>b.\u00a0A csal\u00e1sok megel\u0151z\u00e9se<\/b><\/span><\/p>\n<p class=\"p3\"><span class=\"s1\">Az adatok, amelyeket \u00d6n megad a Matyodesign Nonprofit Kft. sz\u00e1m\u00e1ra a megrendel\u00e9se r\u00e9szek\u00e9nt, felhaszn\u00e1lhat\u00f3ak annak ellen\u0151rz\u00e9s\u00e9re, hogy felmer\u00fclt-e b\u00e1rmilyen szokatlan megrendel\u00e9si tev\u00e9kenys\u00e9g (pl. \u00e1ruk nagy sz\u00e1m\u00e1nak egyidej\u0171 megrendel\u00e9se ugyanarra a c\u00edmre, k\u00fcl\u00f6nb\u00f6z\u0151 \u00fcgyf\u00e9lfi\u00f3kok haszn\u00e1lat\u00e1val). A Matyodesign Nonprofit Kft.-nek jogos \u00e9rdeke f\u0171z\u0151dik az ilyen ellen\u0151rz\u00e9sek v\u00e9grehajt\u00e1s\u00e1hoz (pl. a fizet\u00e9si vesztes\u00e9g elker\u00fcl\u00e9se, szem\u00e9lyazonoss\u00e1g-lop\u00e1s megel\u0151z\u00e9se). Az adatok feldolgoz\u00e1sa az EU GDPR (az EU \u00e1ltal\u00e1nos adatv\u00e9delmi rendelet\u00e9nek) 6 (1) f cikk\u00e9vel \u00f6sszhangban t\u00f6rt\u00e9nik.<\/span><\/p>\n<p class=\"p3\"><span class=\"s1\"><b>c.\u00a0Adat\u00e1tvitel harmadik felek r\u00e9sz\u00e9re<\/b><\/span><\/p>\n<p class=\"p3\"><span class=\"s1\">A megrendel\u00e9se feldolgoz\u00e1s\u00e1nak r\u00e9szek\u00e9nt sz\u00e1mos k\u00fcl\u00f6nb\u00f6z\u0151 v\u00e1llalkoz\u00f3val dolgozunk egy\u00fctt, akik a k\u00f6vetkez\u0151 szolg\u00e1ltat\u00e1sokat ny\u00fajtj\u00e1k a sz\u00e1munkra:<\/span><\/p>\n<p class=\"p3\"><span class=\"s1\"><b>I.\u00a0Fizet\u00e9si szolg\u00e1ltat\u00f3k<\/b><\/span><\/p>\n<p class=\"p3\"><span class=\"s1\">Sz\u00e1mos opci\u00f3t k\u00edn\u00e1lunk a megrendel\u00e9se kifizet\u00e9s\u00e9hez.A szabv\u00e1nyos el\u0151zetes fizet\u00e9sen \u00e9s a k\u00e9szp\u00e9nzes sz\u00e1ll\u00edt\u00e1son fel\u00fcl hitelk\u00e1rty\u00e1val t\u00f6rt\u00e9n\u0151 fizet\u00e9si lehet\u0151s\u00e9get is lehet\u0151v\u00e9 tesz\u00fcnk. Amennyiben a hitelk\u00e1rty\u00e1val t\u00f6rt\u00e9n\u0151 fizet\u00e9st v\u00e1lasztja, a megrendel\u00e9s\u00e9nek adatai \u00e1tker\u00fclnek az adott fizet\u00e9si szolg\u00e1ltat\u00f3hoz. Ezt az EU GDPR (az EU \u00e1ltal\u00e1nos adatv\u00e9delmi rendelet\u00e9nek) 6 (1) b cikke szab\u00e1lyozza.<\/span><\/p>\n<p class=\"p3\"><span class=\"s1\"><b>II.\u00a0Sz\u00e1ll\u00edt\u00e1si c\u00e9lok<\/b><\/span><\/p>\n<p class=\"p3\"><span class=\"s1\">A megrendel\u00e9se kisz\u00e1ll\u00edt\u00e1s\u00e1hoz a Matyodesign Nonprofit Kft.<span class=\"Apple-converted-space\">\u00a0 <\/span>a k\u00f6vetkez\u0151 v\u00e1llalatokkal m\u0171k\u00f6dik egy\u00fctt: Magyar Posta Zrt. H-1138 Budapest, Dunavir\u00e1g u. 2-6. 1540 Budapest; Magyarorsz\u00e1g. A rendel\u00e9sek k\u00e9zbes\u00edt\u00e9s\u00e9nek \u00e9s a kisz\u00e1ll\u00edt\u00e1sok friss\u00edt\u00e9sek enged\u00e9ly\u00e9hez az al\u00e1bbi adatokat tov\u00e1bb\u00edtjuk sz\u00e1ll\u00edtm\u00e1nyoz\u00f3ink r\u00e9sz\u00e9re: vezet\u00e9kn\u00e9v, keresztn\u00e9v, c\u00edm, e-mail c\u00edm, telefonsz\u00e1m. Ezt az EU GDPR (az EU \u00e1ltal\u00e1nos adatv\u00e9delmi rendelet\u00e9nek) 6 (1) b cikke szab\u00e1lyozza.<\/span><\/p>\n<p class=\"p3\"><span class=\"s1\"><b>III.\u00a0Marketing v\u00e1llalkoz\u00f3k<\/b><\/span><\/p>\n<p class=\"p3\"><span class=\"s1\">M\u00e9diaterm\u00e9keink (katal\u00f3gusok, h\u00edrlevelek, levelez\u00e9sek, stb.) l\u00e9trehoz\u00e1s\u00e1hoz sz\u00e1mos v\u00e1llalkoz\u00f3val dolgozunk egy\u00fctt (nyomtat\u00f3k, marketing \u00fcgyn\u00f6ks\u00e9gek, levelez\u00e9si szolg\u00e1ltat\u00e1sok). Ezt az EU GDPR (az EU \u00e1ltal\u00e1nos adatv\u00e9delmi rendelet\u00e9nek) 6 (1) f cikke szab\u00e1lyozza.<\/span><\/p>\n<p class=\"p3\"><span class=\"s1\"><b>4.\u00a0Milyen t\u00edpus\u00fa adatok ker\u00fclnek felhaszn\u00e1l\u00e1sra k\u00f6zvetlen marketing c\u00e9lokra?<\/b><\/span><\/p>\n<p class=\"p3\"><span class=\"s1\">A Matyodesign Nonprofit Kft.-nek jogos \u00e9rdeke f\u0171z\u0151dik a szem\u00e9lyes adatok marketing c\u00e9lokra t\u00f6rt\u00e9n\u0151 felhaszn\u00e1l\u00e1s\u00e1hoz. Elt\u00e9r\u0151 rendelkez\u00e9s hi\u00e1ny\u00e1ban a szem\u00e9lyes inform\u00e1ci\u00f3k marketing tev\u00e9kenys\u00e9gekhez t\u00f6rt\u00e9n\u0151 felhaszn\u00e1l\u00e1sa az EU GDPR (az EU \u00e1ltal\u00e1nos adatv\u00e9delmi rendelet\u00e9nek) 6 (1) f cikk\u00e9n alapul. Az \u00d6n inform\u00e1ci\u00f3inak felhaszn\u00e1l\u00e1sa k\u00fcl\u00f6nb\u00f6z\u0151 m\u00f3don lehets\u00e9ges:<\/span><\/p>\n<p class=\"p3\"><span class=\"s1\"><b>a.\u00a0H\u00edrlevelek<\/b><\/span><\/p>\n<p class=\"p3\"><span class=\"s1\">Online \u00e1ruh\u00e1zunk k\u00fcl\u00f6nf\u00e9le ter\u00fcletein \u00d6nnek lehet\u0151s\u00e9ge ny\u00edlik arra, hogy sz\u00e1mos el\u0151nyben r\u00e9szes\u00fclj\u00f6n a h\u00edrlevel\u00fcnkre t\u00f6rt\u00e9n\u0151 feliratkoz\u00e1s \u00e1ltal. A h\u00edrlev\u00e9lre feliratkoz\u00f3k rendszeres h\u00edreket kapnak a kedvezm\u00e9nyekr\u0151l, trendekr\u0151l, akci\u00f3kr\u00f3l, a k\u00fcl\u00f6nleges \u00e1ruh\u00e1zon bel\u00fcli prom\u00f3ci\u00f3kr\u00f3l, valamint szem\u00e9lyre szabott aj\u00e1nlatokat. Feliratkoz\u00e1s ut\u00e1n egy e-mailt k\u00fcld\u00fcnk, amelyben megk\u00e9rj\u00fck \u00d6nt, hogy er\u0151s\u00edtse meg a feliratkoz\u00e1s\u00e1t. A feliratkoz\u00e1si folyamat csak azt k\u00f6vet\u0151en v\u00e1lik teljess\u00e9, miut\u00e1n a meger\u0151s\u00edt\u0151 e-mailben k\u00fcld\u00f6tt linket aktiv\u00e1lja (\u00fagynevezett \u201ekett\u0151s j\u00f3v\u00e1hagy\u00e1s\u201d). A h\u00edrlevel\u00fcnk optimaliz\u00e1l\u00e1s\u00e1hoz, illetve statisztikai c\u00e9lokra, r\u00f6gz\u00edtj\u00fck, mikor \u00e9s milyen gyakran ker\u00fcl elolvas\u00e1sra. Ez az inform\u00e1ci\u00f3 pszeudonim, amikor \u00f6sszegy\u0171jtik.<\/span><\/p>\n<p class=\"p3\"><span class=\"s1\">A Matyodesign Nonprofit Kft. h\u00edrlev\u00e9l k\u00fcld\u00e9se az \u00d6n kifejezett hozz\u00e1j\u00e1rul\u00e1sa alapj\u00e1n t\u00f6rt\u00e9nik, az EU GDPR (az EU \u00e1ltal\u00e1nos adatv\u00e9delmi rendelet\u00e9nek) 6 (1) cikk\u00e9vel \u00f6sszhangban, a 7. cikk\u00e9vel \u00f6sszef\u00fcgg\u00e9sben.<\/span><\/p>\n<p class=\"p3\"><span class=\"s1\">Term\u00e9szetesen \u00d6n b\u00e1rmikor leiratkozhat a h\u00edrlevel\u00fcnkr\u0151l a weboldalon kereszt\u00fcl, vagy az egyes h\u00edrlevelek v\u00e9g\u00e9n tal\u00e1lhat\u00f3 utas\u00edt\u00e1sok k\u00f6vet\u00e9s\u00e9vel.\u00a0<\/span><\/p>\n<p class=\"p3\"><span class=\"s1\"><b>b.\u00a0Kimarad\u00e1s<\/b><\/span><\/p>\n<p class=\"p3\"><span class=\"s1\">Ha nem szeretn\u00e9, hogy a szem\u00e9lyes adatait marketing c\u00e9lokra haszn\u00e1ljuk, dolgozzuk fel vagy tov\u00e1bb\u00edtsuk, b\u00e1rmikor \u00e9rtes\u00edthet err\u0151l benn\u00fcnket, egy t\u00e1j\u00e9koztat\u00f3 lev\u00e9l k\u00fcld\u00e9s\u00e9vel a k\u00f6vetkez\u0151 c\u00edmre: 3416 Tard, R\u00e1k\u00f3czi \u00fat 30, vagy e-mailben a k\u00f6vetkez\u0151 c\u00edmen:\u00a0info@matyodesign.hu<\/span><\/p>\n<p class=\"p3\"><span class=\"s1\">Azonban ez a kimarad\u00e1s nem vonatkozik a megrendel\u00e9se feldolgoz\u00e1s\u00e1hoz sz\u00fcks\u00e9ges adatokra. Miut\u00e1n megkaptuk az \u00d6n kimarad\u00e1si k\u00e9relm\u00e9t, t\u00f6bb\u00e9 nem haszn\u00e1ljuk a sz\u00f3ban forg\u00f3 adatokat a megrendel\u00e9s\u00e9nek feldolgoz\u00e1s\u00e1n k\u00edv\u00fcli m\u00e1s c\u00e9lokra, nem dolgozzuk fel \u00e9s nem adjuk tov\u00e1bb.<\/span><\/p>\n<p class=\"p3\"><span class=\"s1\"><b>5.\u00a0Milyen adatokat gy\u0171jt a Matyodesign Nonprofit Kft. a web\u00e1ruh\u00e1zban?<\/b><\/span><\/p>\n<p class=\"p3\"><span class=\"s1\">Az \u00d6n megrendel\u00e9s\u00e9nek feldolgoz\u00e1s\u00e1hoz sz\u00fcks\u00e9ges adatokon fel\u00fcl inform\u00e1ci\u00f3kat gy\u0171jt\u00fcnk az \u00d6n v\u00e1s\u00e1rl\u00e1si \u00e9s b\u00f6ng\u00e9sz\u00e9si viselked\u00e9s\u00e9vel kapcsolatban is, amikor felkeresi a weboldalunkat. Tudjon meg t\u00f6bbet arr\u00f3l, hogyan gy\u0171jtj\u00fck \u00e9s dolgozzuk fel az adatokat, amikor a weboldalunkat vagy az alkalmaz\u00e1sunkat haszn\u00e1lja.<\/span><\/p>\n<p class=\"p3\"><span class=\"s1\"><b>a.\u00a0S\u00fctik (cookie-k)<\/b><\/span><\/p>\n<p class=\"p3\"><span class=\"s1\">A s\u00fctik (cookie-k) kism\u00e9ret\u0171 sz\u00f6veges f\u00e1jlok, amelyeket az \u00d6n sz\u00e1m\u00edt\u00f3g\u00e9p\u00e9re, tabletj\u00e9re vagy telefonj\u00e1ra t\u00f6ltenek le a weboldalak, amelyekre ell\u00e1togat. A s\u00fctiket sz\u00e9les k\u00f6rben haszn\u00e1lj\u00e1k a b\u00f6ng\u00e9sz\u00e9si \u00e9lm\u00e9ny felhaszn\u00e1l\u00f3bar\u00e1tabb\u00e1, hat\u00e9konyabb\u00e1 \u00e9s biztons\u00e1gosabb\u00e1 t\u00e9tel\u00e9hez. S\u00fctiket haszn\u00e1lunk ahhoz, hogy nyomon k\u00f6vess\u00fck, mi van az \u00d6n kosar\u00e1ban, a legut\u00f3bb megtekintett t\u00e9telek megjelen\u00edt\u00e9s\u00e9hez, valamint, hogy relev\u00e1ns term\u00e9kaj\u00e1nl\u00e1sokat k\u00fcldhess\u00fcnk az \u00d6n r\u00e9sz\u00e9re. A s\u00fctik seg\u00edtenek abban, hogy weboldalunkat az \u00d6n ig\u00e9nyeihez igaz\u00edtsuk, a b\u00f6ng\u00e9sz\u00e9st pedig a lehet\u0151 legk\u00f6nnyebb\u00e9 tegy\u00fck.<\/span><\/p>\n<p class=\"p3\"><span class=\"s1\">Weboldalunkon a k\u00f6vetkez\u0151 t\u00edpus\u00fa s\u00fctiket haszn\u00e1ljuk:<\/span><\/p>\n<p class=\"p3\"><span class=\"s1\"><b>Saj\u00e1t s\u00fctik\u00a0\u00a0\u00a0<\/b><\/span><\/p>\n<p class=\"p3\"><span class=\"s1\">Ezek olyan s\u00fctik, amelyeket k\u00f6zvetlen\u00fcl a mi weboldalunk bocs\u00e1t ki. Att\u00f3l f\u00fcgg\u0151en, hogy mire haszn\u00e1lj\u00e1k \u0151ket, n\u00e9h\u00e1ny s\u00fcti az \u00d6n sz\u00e1m\u00edt\u00f3g\u00e9p\u00e9n vagy eszk\u00f6z\u00e9n marad elt\u00e1rolva m\u00e9g akkor is, miut\u00e1n elhagyja a webhelyet (\u00fan. \u201etart\u00f3s s\u00fctik\u201d, amelyeket a bejelentkez\u00e9shez vagy kimarad\u00e1shoz haszn\u00e1lnak). M\u00e1sok akkor ker\u00fclnek t\u00f6rl\u00e9sre, amikor bez\u00e1rja a b\u00f6ng\u00e9sz\u0151j\u00e9t (\u00fan. \u201emunkamenet-s\u00fctik\u201d), ezek csak egy adott munkamenetre vonatkoznak, pl. az alkalmazott term\u00e9ksorrendez\u00e9si vagy sz\u0171r\u00e9si m\u00f3dszerek eset\u00e9n.\u00a0<\/span><\/p>\n<p class=\"p3\"><span class=\"s1\"><b>Harmadik f\u00e9l s\u00fctik<\/b><\/span><\/p>\n<p class=\"p3\"><span class=\"s1\">A s\u00fctik e t\u00edpus\u00e1t harmadik felek ir\u00e1ny\u00edtj\u00e1k. A harmadik felek \u00e1ltal\u00e1ban v\u00e1llalatok, amelyek a hirdet\u00e9seinket m\u00e1s weboldalakon jelen\u00edtik meg. A s\u00fctiket inform\u00e1ci\u00f3k t\u00e1rol\u00e1s\u00e1ra haszn\u00e1lj\u00e1k, p\u00e9ld\u00e1ul arr\u00f3l, hogy az \u00e1ltaluk megjelen\u00edtett valamely webes banner v\u00e1s\u00e1rl\u00e1st eredm\u00e9nyezett-e (\u00fan. \u201ekonverzi\u00f3k\u00f6vet\u00e9s\u201d).<\/span><\/p>\n<p class=\"p3\"><span class=\"s1\">Az ilyen s\u00fctik olyan \u00e1tmeneti s\u00fctik, amelyek ideiglenesen t\u00e1rol\u00e1sra ker\u00fclnek az \u00d6n merevlemez\u00e9n, majd automatikusan t\u00f6rl\u0151dnek egy el\u0151re meghat\u00e1rozott id\u0151szak eltelt\u00e9vel. Partnerc\u00e9geink s\u00fctijei szint\u00e9n kiz\u00e1r\u00f3lag pszeudonim &#8211; s\u0151t, t\u00f6bbnyire anonim &#8211; adatokat tartalmaznak. Lehet\u0151v\u00e9 teszik a partnereink sz\u00e1m\u00e1ra, hogy megtekinthess\u00e9k, mely term\u00e9keket tekintette meg, mely term\u00e9kekre keresett r\u00e1, vagy hogy v\u00e1s\u00e1rolt-e valamit. Ez adatokat tartalmaz arr\u00f3l, mely term\u00e9keket tekintette meg, mely term\u00e9kekre keresett r\u00e1, vagy hogy v\u00e1s\u00e1rolt-e valamit. Annak \u00e9rdek\u00e9ben, hogy az \u00d6n \u00e9rdekl\u0151d\u00e9si k\u00f6r\u00e9hez a lehet\u0151 legjobban igazod\u00f3 hirdet\u00e9seket jelen\u00edthess\u00fcnk meg, egyes hirdet\u00e9si partnereink szint\u00e9n inform\u00e1ci\u00f3kat gy\u0171jtenek a weboldalakr\u00f3l, amelyekre \u00d6n kor\u00e1bban ell\u00e1togatott, vagy hogy mely term\u00e9kekre volt k\u00edv\u00e1ncsi. A pszeudonim adatok nem haszn\u00e1lhat\u00f3k szem\u00e9lyazonos\u00edt\u00e1sra, \u00e9s csak az\u00e9rt gy\u0171jtj\u00fck, hogy partnereink szem\u00e9lyre szabhass\u00e1k a hirdet\u00e9seiket az \u00d6n \u00e9rdekl\u0151d\u00e9si k\u00f6r\u00e9nek megfelel\u0151en.\u00a0<\/span><\/p>\n<p class=\"p3\"><span class=\"s1\">Ha nem szeretn\u00e9, hogy a sz\u00e1m\u00edt\u00f3g\u00e9pe s\u00fctiket t\u00e1roljon, megv\u00e1ltoztathatja a b\u00f6ng\u00e9sz\u0151je be\u00e1ll\u00edt\u00e1sait, hogy egyetlen s\u00fcti se ker\u00fclj\u00f6n elment\u00e9sre a merevlemez\u00e9n, valamint, hogy minden megl\u00e9v\u0151 s\u00fcti t\u00f6rl\u0151dj\u00f6n. \u00cdme a l\u00e9p\u00e9sek:<\/span><\/p>\n<p class=\"p3\"><span class=\"s1\">Az al\u00e1bbiakban olyan hivatkoz\u00e1sok tal\u00e1lhat\u00f3k, amelyek le\u00edrj\u00e1k a s\u00fctik letilt\u00e1s\u00e1nak m\u00f3dj\u00e1t a n\u00e9pszer\u0171 b\u00f6ng\u00e9sz\u0151kben:<\/span><\/p>\n<p class=\"p4\"><span class=\"s3\">Mozilla Firefox (<a href=\"https:\/\/support.mozilla.org\/hu\/kb\/sutik-engedelyezese-es-tiltasa-amit-weboldak-haszn\"><span class=\"s4\">https:\/\/support.mozilla.org\/hu\/kb\/sutik-engedelyezese-es-tiltasa-amit-weboldak-haszn<\/span><\/a>)<\/span><\/p>\n<p class=\"p4\"><span class=\"s3\">Internet Explorer (<a href=\"https:\/\/support.microsoft.com\/hu-hu\/help\/17442\/windows-internet-explorer-delete-manage-cookies\"><span class=\"s4\">https:\/\/support.microsoft.com\/hu-hu\/help\/17442\/windows-internet-explorer-delete-manage-cookies<\/span><\/a>)<\/span><\/p>\n<p class=\"p4\"><span class=\"s3\">Google Chrome (<a href=\"https:\/\/support.google.com\/chrome\/answer\/95647?hl=hu\"><span class=\"s4\">https:\/\/support.google.com\/chrome\/answer\/95647?hl=hu<\/span><\/a>)<\/span><\/p>\n<p class=\"p4\"><span class=\"s3\">Opera (<a href=\"https:\/\/www.opera.com\/help\/tutorials\/security\/cookies\/\"><span class=\"s4\">https:\/\/www.opera.com\/help\/tutorials\/security\/cookies\/<\/span><\/a>)<\/span><\/p>\n<p class=\"p3\"><span class=\"s1\"><b>K\u00e9rj\u00fck, ne feledje:<\/b>\u00a0ha a s\u00fctiket nem enged\u00e9lyezi az eszk\u00f6z\u00e9n, a Matyodesign v\u00e1s\u00e1rl\u00e1si \u00e9lm\u00e9nye korl\u00e1tozott lesz. \u00cdme egy p\u00e9lda. \u00c1ltal\u00e1ban, ha egy t\u00e9telt hozz\u00e1ad a kosar\u00e1hoz, a kiszolg\u00e1l\u00f3nk elolvassa a s\u00fcti k\u00f3dot \u00e9s eml\u00e9kszik arra, hogy hozz\u00e1adta a t\u00e9telt. K\u00f6vetkez\u00e9sk\u00e9ppen, ha letiltja a s\u00fctiket, a t\u00e9tel elt\u0171nik az \u00d6n kosar\u00e1b\u00f3l, amikor elhagyja a weboldalunkat. Javasoljuk, hogy enged\u00e9lyezze a s\u00fctiket, hogy a weboldalunk \u00e1ltal k\u00edn\u00e1lt \u00f6sszes funkci\u00f3t haszn\u00e1lhassa.<\/span><\/p>\n<p class=\"p3\"><span class=\"s1\"><b>b.\u00a0Perszonaliz\u00e1l\u00e1s<\/b><\/span><\/p>\n<p class=\"p3\"><span class=\"s1\">Weboldalunk folyamatos optimaliz\u00e1l\u00e1sa \u00e9rdek\u00e9ben \u00fagynevezett \u201eszem\u00e9lyre szab\u00e1si\u201d eszk\u00f6z\u00f6ket haszn\u00e1lunk. A haszn\u00e1lhat\u00f3s\u00e1g jav\u00edt\u00e1sa mellett lehet\u0151v\u00e9 teszi sz\u00e1munkra, hogy testreszabjuk tartalmainkat \u00e9s szolg\u00e1ltat\u00e1sainkat az \u00d6n \u00e9rdekl\u0151d\u00e9si k\u00f6r\u00e9nek megfelel\u0151en.<\/span><\/p>\n<p class=\"p3\"><span class=\"s1\">A b\u00f6ng\u00e9sz\u00e9si viselked\u00e9s nyomon k\u00f6vet\u00e9si technol\u00f3gi\u00e1ja az egyik m\u00f3dszer, az \u00d6n \u00e1ltal kapott szem\u00e9lyes aj\u00e1nl\u00e1sok pedig egy m\u00e1sik.<\/span><\/p>\n<p class=\"p3\"><span class=\"s1\"><b>I.\u00a0A b\u00f6ng\u00e9sz\u00e9si viselked\u00e9s nyomon k\u00f6vet\u00e9se szem\u00e9lyes marketing c\u00e9lokra<\/b><\/span><\/p>\n<p class=\"p3\"><span class=\"s1\">Itt r\u00f6gz\u00edtj\u00fck az \u00d6n b\u00f6ng\u00e9sz\u00e9si viselked\u00e9s\u00e9t a weboldalunkon \u00e9s egy pszeudonim felhaszn\u00e1l\u00f3i profilban t\u00e1roljuk el, amely szem\u00e9lyesen nem kapcsolhat\u00f3 \u00d6nh\u00f6z. Az inform\u00e1ci\u00f3 felhaszn\u00e1lhat\u00f3 a technikai haszn\u00e1lhat\u00f3s\u00e1g jav\u00edt\u00e1s\u00e1ra a weboldalunkon, \u00edgy \u00fcgyfeleink k\u00f6nnyebben navig\u00e1lhatnak rajta.<b>\u00a0<\/b><\/span><\/p>\n<p class=\"p3\"><span class=\"s1\">A webes k\u00f6vet\u00e9s seg\u00edts\u00e9get ny\u00fajt sz\u00e1munkra abban, hogy marketingtev\u00e9kenys\u00e9g\u00fcnket az \u00d6n \u00e9rdekl\u0151d\u00e9si k\u00f6r\u00e9hez igaz\u00edtsuk \u00e9s olyan prom\u00f3ci\u00f3s aj\u00e1nlatokat jelen\u00edts\u00fcnk meg, amelyek \u00e9rdekelhetik \u00d6nt (pl. ingyenes sz\u00e1ll\u00edt\u00e1s).<\/span><\/p>\n<p class=\"p3\"><span class=\"s1\">K\u00f6vet\u00e9si politik\u00e1nk az EU GDPR (az EU \u00e1ltal\u00e1nos adatv\u00e9delmi rendelet\u00e9nek) 6 (1) f cikk\u00e9n alapul.<\/span><\/p>\n<p class=\"p3\"><span class=\"s1\">A pszeudonim felhaszn\u00e1l\u00f3i profil form\u00e1j\u00e1ban t\u00f6rt\u00e9n\u0151 adatt\u00e1rol\u00e1s ellen b\u00e1rmikor tiltakozhat, j\u00f6v\u0151beli hat\u00e1llyal, a s\u00fctik t\u00e1rol\u00e1s\u00e1nak letilt\u00e1s\u00e1val a b\u00f6ng\u00e9sz\u0151j\u00e9ben. Ne feledje azonban, hogy ha a s\u00fctik teljesen le vannak tiltva, akkor nem tudja haszn\u00e1lni a honlapunk \u00f6sszes funkci\u00f3j\u00e1t.<\/span><\/p>\n<p class=\"p3\"><span class=\"s1\"><b>II.\u00a0Szem\u00e9lyes aj\u00e1nl\u00e1sok<\/b><\/span><\/p>\n<p class=\"p3\"><span class=\"s1\">Amikor a Matyodesign.hu weboldalunkat b\u00f6ng\u00e9szi, szem\u00e9lyes aj\u00e1nl\u00e1sokkal tal\u00e1lkozhat. Ezek az \u00d6n v\u00e1s\u00e1rl\u00e1si t\u00f6rt\u00e9net\u00e9n alapulnak, bele\u00e9rtve az olyan t\u00e9teleket vagy term\u00e9kcsoportokat is, amelyeket b\u00f6ng\u00e9szett, a kosar\u00e1hoz adott vagy kor\u00e1bban megv\u00e1s\u00e1rolt. Ezen adatok pszeudonim jelleg\u0171ek \u00e9s szem\u00e9lyesen nem kapcsolhat\u00f3k \u00d6nh\u00f6z.\u00a0\u00a0<b>\u00a0<\/b><\/span><\/p>\n<p class=\"p3\"><span class=\"s1\">Ha nem szeretn\u00e9, hogy a v\u00e1s\u00e1rl\u00e1si el\u0151zm\u00e9nyeit t\u00e1roljuk vagy megjelen\u00edts\u00fck az aj\u00e1nl\u00e1sokhoz, b\u00e1rmikor visszavonhatja az erre vonatkoz\u00f3 enged\u00e9lyt j\u00f6v\u0151beli hat\u00e1llyal, a s\u00fctik b\u00f6ng\u00e9sz\u0151j\u00e9ben t\u00f6rt\u00e9n\u0151 t\u00e1rol\u00e1s\u00e1nak letilt\u00e1s\u00e1val<b>.<\/b>\u00a0Ne feledje azonban, hogy ha a s\u00fctik teljesen le vannak tiltva, akkor nem tudja haszn\u00e1lni a honlapunk \u00f6sszes funkci\u00f3j\u00e1t.<\/span><\/p>\n<p class=\"p3\"><span class=\"s1\"><b>c.\u00a0Webes elemz\u00e9s \u00e9s harmadik f\u00e9l \u00fajra c\u00e9lz\u00e1s (retargeting)<\/b><\/span><\/p>\n<p class=\"p3\"><span class=\"s1\">A saj\u00e1t szem\u00e9lyre szab\u00e1si funkci\u00f3inkon k\u00edv\u00fcl sz\u00e1mos harmadik f\u00e9l szolg\u00e1ltat\u00e1st is haszn\u00e1lunk weboldalunk t\u00f6k\u00e9letes\u00edt\u00e9s\u00e9hez, valamint a tartalmak testre szab\u00e1s\u00e1hoz v\u00e1s\u00e1rl\u00f3ink \u00e9rdekl\u0151d\u00e9si k\u00f6re szerint.<\/span><\/p>\n<p class=\"p3\"><span class=\"s1\">E szolg\u00e1ltat\u00e1sok egyike az online retargeting (\u00fajra c\u00e9lz\u00e1si) technol\u00f3gia. A technol\u00f3gia lehet\u0151v\u00e9 teszi a sz\u00e1munkra, hogy olyan felhaszn\u00e1l\u00f3kat c\u00e9lozzunk meg, akik kor\u00e1bban ell\u00e1togattak a weboldalunkra online tartalom haszn\u00e1lat\u00e1val partnereink weboldalain. A kutat\u00e1s azt mutatja, hogy a szem\u00e9lyre szabott, \u00e9rdekl\u0151d\u00e9sen alapul\u00f3 hirdet\u00e9sek megjelen\u00edt\u00e9se \u00e1ltal\u00e1ban \u00e9rdekesebb a felhaszn\u00e1l\u00f3k sz\u00e1m\u00e1ra, mint a nem szem\u00e9lyre szabott tartalmak. Az \u00fajra c\u00e9lz\u00e1si hirdet\u00e9sek az \u00d6n kor\u00e1bbi b\u00f6ng\u00e9sz\u00e9si viselked\u00e9s\u00e9n alapulnak. Az adatok teljes m\u00e9rt\u00e9kben pszeudonim jelleg\u0171ek \u00e9s szem\u00e9lyes adat nem ker\u00fcl elt\u00e1rol\u00e1sra. Az \u00fajra c\u00e9lz\u00e1si technol\u00f3gi\u00e1t kiz\u00e1r\u00f3lag az adatv\u00e9delmi jogszab\u00e1lyokkal \u00f6sszhangban haszn\u00e1lj\u00e1k.<\/span><\/p>\n<p class=\"p3\"><span class=\"s1\">\u00dajra c\u00e9lz\u00e1si politik\u00e1nk az EU GDPR (az EU \u00e1ltal\u00e1nos adatv\u00e9delmi rendelet\u00e9nek) 6 (1) f cikk\u00e9n alapul.<\/span><\/p>\n<p class=\"p3\"><span class=\"s1\">Visszavonhatja a Matyodesign r\u00e9sz\u00e9re a webes elemz\u00e9sek \u00e9s \u00fajra c\u00e9lz\u00e1si technol\u00f3gi\u00e1k haszn\u00e1lat\u00e1ra adott enged\u00e9lyt a s\u00fctik b\u00f6ng\u00e9sz\u0151j\u00e9ben val\u00f3 t\u00e1rol\u00e1s\u00e1nak letilt\u00e1s\u00e1val. Ne feledje azonban, hogy ha a s\u00fctik teljesen le vannak tiltva, akkor nem tudja haszn\u00e1lni a honlapunk \u00f6sszes funkci\u00f3j\u00e1t.<\/span><\/p>\n<p class=\"p3\"><span class=\"s1\">Az al\u00e1bbiakban tal\u00e1lhat\u00f3 az egyes partnerek felsorol\u00e1sa, akikkel jelenleg egy\u00fctt dolgozunk:<\/span><\/p>\n<p class=\"p3\"><span class=\"s1\"><b>\u00a0I.\u00a0Google Analytics<\/b><\/span><\/p>\n<p class=\"p3\"><span class=\"s1\">Ez a weboldal a Google (Universal) Analytics-et haszn\u00e1lja, amely a Google Inc. (a tov\u00e1bbiakban: \u201eGoogle\u201d) internetes elemz\u00e9si szolg\u00e1ltat\u00e1sa. Az Analytics olyan m\u00f3dszereket alkalmaz, amelyek lehet\u0151v\u00e9 teszik annak elemz\u00e9s\u00e9t, hogy mik\u00e9nt haszn\u00e1lta a weboldalunkat az \u00fagynevezett \u201es\u00fctik\u201d haszn\u00e1lat\u00e1val, amelyek az \u00d6n sz\u00e1m\u00edt\u00f3g\u00e9p\u00e9n t\u00e1rolt sz\u00f6veges f\u00e1jlok. Az \u00d6n weboldal haszn\u00e1lat\u00e1r\u00f3l a s\u00fcti inform\u00e1ci\u00f3t gener\u00e1l \u00e9s t\u00f6bbnyire egy USA-ban tal\u00e1lhat\u00f3 Google szerver r\u00e9sz\u00e9re tov\u00e1bb\u00edtja, ahol a tov\u00e1bbiakban t\u00e1rolj\u00e1k. Az IP-anonimiz\u00e1l\u00e1si funkci\u00f3 aktiv\u00e1l\u00e1s\u00e1val ezen a weboldalon, az IP-c\u00edm r\u00f6vid\u00edt\u00e9sre ker\u00fcl, az Eur\u00f3pai Uni\u00f3 tagorsz\u00e1gain bel\u00fcl vagy az Eur\u00f3pai Gazdas\u00e1gi T\u00e9rs\u00e9gr\u0151l sz\u00f3l\u00f3 meg\u00e1llapod\u00e1sban r\u00e9sztvev\u0151 m\u00e1s szerz\u0151d\u0151 \u00e1llamokban, a k\u00e9s\u0151bbi tov\u00e1bb\u00edt\u00e1sa el\u0151tt. Csak kiv\u00e9teles esetekben ker\u00fcl megk\u00fcld\u00e9sre a teljes IP-c\u00edm az USA-beli Google szerver r\u00e9sz\u00e9re hogy ott ler\u00f6vid\u00edts\u00e9k. Az \u00d6n b\u00f6ng\u00e9sz\u0151je \u00e1ltal a Google Analytics keret\u00e9n bel\u00fcl tov\u00e1bb\u00edtott, anonimiz\u00e1lt IP-c\u00edm nem kapcsol\u00f3dik m\u00e1s Google-adatokhoz. A Google ezt az inform\u00e1ci\u00f3t a weboldal \u00d6n \u00e1ltali haszn\u00e1lat\u00e1nak \u00e9rt\u00e9kel\u00e9s\u00e9re haszn\u00e1lja, illetve jelent\u00e9sek \u00f6ssze\u00e1ll\u00edt\u00e1s\u00e1hoz a weboldalon v\u00e9gzett tev\u00e9kenys\u00e9gekr\u0151l, illetve a weboldal tulajdonosa r\u00e9sz\u00e9re ny\u00fajtand\u00f3 tov\u00e1bbi szolg\u00e1ltat\u00e1sokhoz a weboldal \u00e9s az internet haszn\u00e1lat\u00e1val kapcsolatosan.<\/span><\/p>\n<p class=\"p3\"><span class=\"s1\">Az egyes munkamenetek \u00e9s kamp\u00e1nyok egy bizonyos id\u0151 eltelt\u00e9vel befejez\u0151dnek. Alap\u00e9rtelmez\u00e9s szerint a munkamenetek 15 perces inaktivit\u00e1s ut\u00e1n fejez\u0151dnek be, a kamp\u00e1nyok pedig 14 nap eltelt\u00e9vel z\u00e1rulnak le.<\/span><\/p>\n<p class=\"p3\"><span class=\"s1\">Egy kamp\u00e1ny maxim\u00e1lis hat\u00e1rideje k\u00e9t \u00e9v. A Google Szolg\u00e1ltat\u00e1si Felt\u00e9teleir\u0151l b\u0151vebb inform\u00e1ci\u00f3t itt tal\u00e1lhat:<\/span><\/p>\n<p class=\"p4\"><span class=\"s5\"><a href=\"https:\/\/www.google.com\/analytics\/terms\/\">https:\/\/www.google.com\/analytics\/terms\/<\/a><\/span><\/p>\n<p class=\"p3\"><span class=\"s1\">A b\u00f6ng\u00e9sz\u0151je be\u00e1ll\u00edt\u00e1sainak m\u00f3dos\u00edt\u00e1s\u00e1val megakad\u00e1lyozhatja a cookie-k t\u00e1rol\u00e1s\u00e1t. Ne feledje azonban, hogy ha a s\u00fctik teljesen le vannak tiltva, akkor nem tudja haszn\u00e1lni a honlapunk \u00f6sszes funkci\u00f3j\u00e1t. Ki is maradhat a s\u00fcti-alap\u00fa adatokb\u00f3l vagy a kor\u00e1bbi b\u00f6ng\u00e9sz\u00e9si viselked\u00e9sen alapul\u00f3 adatokb\u00f3l (az IP-c\u00edm\u00e9t is bele\u00e9rtve), amelyet a Google gy\u0171jt vagy tov\u00e1bb\u00edt a kimarad\u00f3 b\u0151v\u00edtm\u00e9ny let\u00f6lt\u00e9s\u00e9vel \u00e9s telep\u00edt\u00e9s\u00e9vel. Haszn\u00e1lja az al\u00e1bbi linket:\u00a0<a href=\"https:\/\/tools.google.com\/dlpage\/gaoptout\"><span class=\"s6\">https:\/\/tools.google.com\/dlpage\/gaoptout<\/span><\/a><\/span><\/p>\n<p class=\"p3\"><span class=\"s1\">A Google Analytics-et olyan adatok \u00e9rt\u00e9kel\u00e9s\u00e9re is haszn\u00e1ljuk, amelyeket az AdWords-b\u0151l, a DoubleClick \u00e9s a Google marketing tulajdons\u00e1gokb\u00f3l kapunk, kiz\u00e1r\u00f3lag statisztikai c\u00e9lokra. Ha szeretn\u00e9 ellen\u0151rizni, hogy a Google hogyan haszn\u00e1lja az adatokat vagy deaktiv\u00e1lja ezt a funkci\u00f3t, k\u00e9rj\u00fck, l\u00e1togasson el a k\u00f6vetkez\u0151 linkre:\u00a0<a href=\"https:\/\/adssettings.google.com\/\"><span class=\"s6\">https:\/\/adssettings.google.com\/<\/span><\/a>.<\/span><\/p>\n<p class=\"p3\"><span class=\"s1\"><b>II.\u00a0Google AdWords (remarketing\/konverzi\u00f3k\u00f6vet\u00e9s)<\/b><\/span><\/p>\n<p class=\"p3\"><span class=\"s1\">Weboldalunk a Google AdWords szolg\u00e1ltat\u00e1s\u00e1t haszn\u00e1lja. A Google AdWords egy online hirdez\u00e9si program a Google Ireland Limited, Gordon House, Barrow Street, Dublin 4, Irland (a tov\u00e1bbiakban: \u201eGoogle\u201d).<b>\u00a0<\/b><\/span><\/p>\n<p class=\"p3\"><span class=\"s1\">A Google AdWord szolg\u00e1ltat\u00e1s\u00e1nak r\u00e9szek\u00e9nt a remarketing funkci\u00f3t is haszn\u00e1ljuk. Ez az \u00fajrac\u00e9lz\u00e1si funkci\u00f3 lehet\u0151v\u00e9 teszi sz\u00e1munkra, hogy m\u00e1s weboldalakat is rekl\u00e1mozzunk a Google megjelen\u00edt\u00e9si h\u00e1l\u00f3zat\u00e1n bel\u00fcl (az \u00fan. \u201eGoogle hirdet\u00e9sek\u201d a Google vagy m\u00e1s weboldalakon), amelyek weboldalunk haszn\u00e1l\u00f3inak \u00e9rdekl\u0151d\u00e9si k\u00f6r\u00e9t t\u00fckr\u00f6zik. Ehhez elemezz\u00fck a weboldal \u00d6n \u00e1ltali haszn\u00e1lat\u00e1t (pl. mely t\u00e9teleket tekintette meg), hogy az ilyen t\u00e9teleket m\u00e1s weboldalakon is megjelen\u00edthess\u00fck, m\u00e9g azut\u00e1n is, hogy \u00d6n elhagyta a bonprix weboldal\u00e1t.\u00a0 A Google elt\u00e1rol egy sz\u00e1mot a felhaszn\u00e1l\u00f3k b\u00f6ng\u00e9sz\u0151iben, akik bizonyos Google weboldalakat, vagy a Google megjelen\u00edt\u00e9si h\u00e1l\u00f3zat\u00e1ba tartoz\u00f3 weboldalakat l\u00e1togatnak meg. Ez a sz\u00e1m egy s\u00fcti, amely inform\u00e1ci\u00f3kat gy\u0171jt a felhaszn\u00e1l\u00f3 adott weboldalon tett l\u00e1togat\u00e1sair\u00f3l. A sz\u00e1m csup\u00e1n a webb\u00f6ng\u00e9sz\u0151 azonos\u00edt\u00e1s\u00e1ra szolg\u00e1l egy adott sz\u00e1m\u00edt\u00f3g\u00e9pen \u00e9s szem\u00e9lyesen nem kapcsolhat\u00f3 \u00d6nh\u00f6z. Szem\u00e9lyes adatok nem ker\u00fclnek elt\u00e1rol\u00e1sra.<\/span><\/p>\n<p class=\"p3\"><span class=\"s1\">A Google s\u00fctiket a kimarad\u00e1si b\u0151v\u00edt\u0151modul let\u00f6lt\u00e9s\u00e9vel \u00e9s telep\u00edt\u00e9s\u00e9vel inaktiv\u00e1lhatja. Haszn\u00e1lja az al\u00e1bbi linket:\u00a0<a href=\"https:\/\/www.google.com\/settings\/ads\/plugin\"><span class=\"s6\">https:\/\/www.google.com\/settings\/ads\/plugin<\/span><\/a><\/span><\/p>\n<p class=\"p3\"><span class=\"s1\">B\u0151vebb inform\u00e1ci\u00f3k\u00e9rt a Google Remarketing-r\u0151l \u00e9s a Google Adatv\u00e9delmi Szab\u00e1lyzat\u00e1r\u00f3l k\u00e9rj\u00fck, l\u00e1togasson el a k\u00f6vetkez\u0151 weboldalra:\u00a0<a href=\"http:\/\/www.google.com\/privacy\/ads\/\"><span class=\"s6\">http:\/\/www.google.com\/privacy\/ads\/<\/span><\/a><\/span><\/p>\n<p class=\"p3\"><span class=\"s1\">A Google AdWord szolg\u00e1ltat\u00e1s\u00e1nak r\u00e9szek\u00e9nt az \u00fan. \u201ekonverzi\u00f3k\u00f6vet\u00e9st\u201d is haszn\u00e1ljuk. Ha r\u00e1kattint valamelyik Google hirdet\u00e9sre, egy s\u00fcti ker\u00fcl elt\u00e1rol\u00e1sra az \u00d6n eszk\u00f6z\u00e9n a konverzi\u00f3k\u00f6vet\u00e9shez. E s\u00fctik automatikusan t\u00f6rl\u0151dnek 30 nap eltelt\u00e9vel, nem tartalmaznak szem\u00e9lyes inform\u00e1ci\u00f3t \u00e9s szem\u00e9lyesen nem k\u00f6thet\u0151k \u00d6nh\u00f6z. A konverzi\u00f3s s\u00fctik \u00e1ltal \u00f6sszegy\u0171jt\u00f6tt adatokat a konverzi\u00f3k\u00f6vet\u00e9st v\u00e1laszt\u00f3 AdWords-\u00fcgyfelek konverzi\u00f3s statisztik\u00e1j\u00e1ra haszn\u00e1lj\u00e1k.<\/span><\/p>\n<p class=\"p3\"><span class=\"s1\">A b\u00f6ng\u00e9sz\u0151 be\u00e1ll\u00edt\u00e1sainak m\u00f3dos\u00edt\u00e1s\u00e1val megakad\u00e1lyozhatja, hogy a s\u00fctik t\u00e1rol\u00e1sra ker\u00fcljenek az eszk\u00f6z\u00e9n. Azonban k\u00e9rj\u00fck, ne feledje, hogy ha a s\u00fctiket letiltja, nem fogja tudni haszn\u00e1lni weboldalunk \u00f6sszes funkci\u00f3j\u00e1t.<\/span><\/p>\n<p class=\"p3\"><span class=\"s1\">A Google \u00e1ltal k\u00fcld\u00f6tt szem\u00e9lyre szabott hirdet\u00e9seket vagy egy\u00e9b online hirdet\u00e9seket is inaktiv\u00e1lhat (a Google megjelen\u00edt\u00e9si h\u00e1l\u00f3zat\u00e1n bel\u00fcl), ha ell\u00e1togat a k\u00f6vetkez\u0151 weboldalra:\u00a0<a href=\"http:\/\/www.google.de\/settings\/ads\"><span class=\"s6\">http:\/\/www.google.de\/settings\/ads<\/span><\/a>, majd r\u00e1kattint az \u201eoff\u201d opci\u00f3ra.<\/span><\/p>\n<p class=\"p3\"><span class=\"s1\">Vagy keresse fel a k\u00f6vetlez\u0151 oldalt:\u00a0<a href=\"http:\/\/www.aboutads.info\/choices\/\"><span class=\"s6\">http:\/\/www.aboutads.info\/choices\/<\/span><\/a><\/span><\/p>\n<p class=\"p3\"><span class=\"s1\">B\u0151vebb inform\u00e1ci\u00f3k\u00e9rt az adatv\u00e9delmi be\u00e1ll\u00edt\u00e1sokr\u00f3l \u00e9s a Google Adatv\u00e9delmi Szab\u00e1lyzat\u00e1r\u00f3l k\u00e9rj\u00fck, l\u00e1togasson el a k\u00f6vetkez\u0151 weboldalra:\u00a0<a href=\"https:\/\/policies.google.com\/privacy\"><span class=\"s6\">https:\/\/policies.google.com\/privacy<\/span><\/a>.<\/span><\/p>\n<p class=\"p3\"><span class=\"s1\"><b>III.\u00a0Facebook-lista felt\u00f6lt\u00e9se<\/b><\/span><\/p>\n<p class=\"p3\"><span class=\"s1\">A Matyodesign anonimiz\u00e1lt e-mail c\u00edmeket ad \u00e1t a Facebook r\u00e9sz\u00e9re a n\u00e9vtelen prom\u00f3ci\u00f3s hirdet\u00e9sek enged\u00e9lyez\u00e9s\u00e9hez a Facebook-fi\u00f3kokon kereszt\u00fcl. A n\u00e9vtelen e-mail c\u00edmek \u00e1truh\u00e1z\u00e1s\u00e1nak enged\u00e9ly\u00e9t az al\u00e1bbiakban vonhatja vissza.<\/span><\/p>\n<p class=\"p3\"><span class=\"s1\"><b>IV.\u00a0Facebook egy\u00e9ni k\u00f6z\u00f6ns\u00e9gek<\/b><\/span><\/p>\n<p class=\"p3\"><span class=\"s1\">Weboldalunk rendelkezik egy integr\u00e1lt k\u00e9pponttal a Facebook Ireland Ltd.-t\u0151l (a webhely egy\u00e9ni k\u00f6z\u00f6ns\u00e9g pixelje). Ez a k\u00e9ppont pszeudonim inform\u00e1ci\u00f3kat gy\u0171jt arr\u00f3l, hogyan haszn\u00e1lta \u00d6n a weboldalat (pl. mely t\u00e9teleket tekintette meg). Az inform\u00e1ci\u00f3 felhaszn\u00e1lhat\u00f3 szem\u00e9lyre szabott tartalmak megjelen\u00edt\u00e9s\u00e9hez (pl. az \u00d6n Facebook adatfolyam\u00e1ban). Visszavonhatja az enged\u00e9lyt az inform\u00e1ci\u00f3k gy\u0171jt\u00e9s\u00e9re a s\u00fctik b\u00f6ng\u00e9sz\u0151j\u00e9ben val\u00f3 t\u00e1rol\u00e1s\u00e1nak letilt\u00e1s\u00e1val. Ne feledje azonban, hogy ha a s\u00fctik teljesen le vannak tiltva, akkor nem tudja haszn\u00e1lni a honlapunk \u00f6sszes funkci\u00f3j\u00e1t.<b><br \/>\n<\/b><\/span><\/p>\n<p class=\"p3\"><span class=\"s1\"><b>6.\u00a0Marketing a k\u00f6z\u00f6ss\u00e9gi m\u00e9di\u00e1ban \u00e9s k\u00f6z\u00f6ss\u00e9gi b\u0151v\u00edtm\u00e9nyek<\/b><\/span><\/p>\n<p class=\"p3\"><span class=\"s1\">Weboldalunk nem az egyetlen m\u00f3dja, hogy kapcsolatba l\u00e9pj\u00fcnk \u00d6nnel. A Matyodesign Nonprofit Kft. sz\u00e1mos k\u00f6z\u00f6ss\u00e9gi m\u00e9diumot haszn\u00e1l a m\u00e1rka rekl\u00e1moz\u00e1s\u00e1ra.<\/span><\/p>\n<p class=\"p3\"><span class=\"s1\"><b>a.\u00a0Marketing a k\u00f6z\u00f6ss\u00e9gi m\u00e9di\u00e1ban<\/b><\/span><\/p>\n<p class=\"p3\"><span class=\"s1\">A Matyodesign rekl\u00e1moz\u00e1s\u00e1hoz saj\u00e1t oldalakkal rendelkez\u00fcnk a k\u00f6vetkez\u0151 oldalakon: Facebook, Instagram \u00e9s<span class=\"Apple-converted-space\">\u00a0 <\/span>YouTube.Ezek k\u00f6z\u00f6ss\u00e9gi m\u00e9dia platformok, a bonprix pedig csup\u00e1n egy m\u00e1sik felhaszn\u00e1l\u00f3. Minden fenti platform \u00fczemeltet\u0151je felel\u0151s az adatok feldolgoz\u00e1s\u00e1nak m\u00f3dj\u00e1\u00e9rt.<\/span><\/p>\n<p class=\"p3\"><span class=\"s1\">Felveheti vel\u00fcnk a kapcsolatot ezeken az oldalakon kereszt\u00fcl megjegyz\u00e9sek \u00edr\u00e1s\u00e1val, chatel\u00e9s \u00fatj\u00e1n vagy term\u00e9kek aj\u00e1nl\u00e1s\u00e1val az ismer\u0151sei sz\u00e1m\u00e1ra.<\/span><\/p>\n<p class=\"p3\"><span class=\"s1\">A k\u00f6z\u00f6ss\u00e9gi m\u00e9dia oldalak r\u00e9szletes inform\u00e1ci\u00f3kat biztos\u00edtanak az \u00d6n adatainak k\u00f6r\u00e9r\u0151l, t\u00edpus\u00e1r\u00f3l, c\u00e9lj\u00e1r\u00f3l \u00e9s feldolgoz\u00e1s\u00e1r\u00f3l. Inform\u00e1ci\u00f3val rendelkeznek tov\u00e1bb\u00e1 az \u00d6n jogair\u00f3l \u00e9s az adatv\u00e9delmi be\u00e1ll\u00edt\u00e1sainak m\u00f3dos\u00edt\u00e1s\u00e1r\u00f3l.<\/span><\/p>\n<p class=\"p3\"><span class=\"s1\">Elt\u00e9r\u0151 rendelkez\u00e9s hi\u00e1ny\u00e1ban az \u00d6n szem\u00e9lyes adatait semmilyen m\u00e1s m\u00f3don nem fogjuk felhaszn\u00e1lni.<\/span><\/p>\n<p class=\"p3\"><span class=\"s1\"><b>7.\u00a0\u00a0Biztons\u00e1g<\/b><\/span><\/p>\n<p class=\"p3\"><span class=\"s1\">Elk\u00f6telezettek vagyunk azir\u00e1nt, hogy megtegy\u00fck a megfelel\u0151 technikai \u00e9s szervezeti int\u00e9zked\u00e9seket az \u00d6n szem\u00e9lyes adatainak v\u00e9delme \u00e9rdek\u00e9ben a v\u00e9letlenszer\u0171 vagy jogosulatlan t\u00f6rl\u00e9ssel, m\u00f3dos\u00edt\u00e1ssal vagy elveszt\u00e9ssel szemben, illetve a jogosulatlan vagy jogellenes feldolgoz\u00e1ssal vagy hozz\u00e1f\u00e9r\u00e9ssel szemben. Munkat\u00e1rsainkat a titoktart\u00e1s jogi k\u00f6telezetts\u00e9ge k\u00f6ti a szem\u00e9lyes adatok v\u00e9delm\u00e9t illet\u0151en, amelyekkel kapcsolatba ker\u00fclnek \u00e9s rendszeres adatv\u00e9delmi k\u00e9pz\u00e9sben r\u00e9szes\u00fclnek.<\/span><\/p>\n<p class=\"p3\"><span class=\"s1\"><b>8.\u00a0\u00a0Az adatok meg\u0151rz\u00e9s\u00e9nek id\u0151tartama<\/b><\/span><\/p>\n<p class=\"p3\"><span class=\"s1\">A szem\u00e9lyes adatokat a Matyodesign Nonprofit Kft. csak addig \u0151rizheti meg, am\u00edg a Matyodesign Nonprofit Kft.-nek olyan jogos \u00e9rdeke f\u0171z\u0151dik az adatokhoz, amely nem haladja meg az egy\u00e9n mag\u00e1n\u00e9lethez val\u00f3 jogait. Az olyan esetekben, ahol a Matyodesign Nonprofit Kft. \u00e9rdeke nem haladja meg a szem\u00e9lyes inform\u00e1ci\u00f3k t\u00e1rol\u00e1s\u00e1nak megsz\u00fcntet\u00e9s\u00e9t, az adatok akkor is megtarthat\u00f3k, ha azt t\u00f6rv\u00e9ny \u00edrja el\u0151 (pl. kereskedelmi t\u00f6rv\u00e9ny vagy ad\u00f3\u00fcgyi t\u00f6rv\u00e9ny). Az ilyen esetekben az adatok felhaszn\u00e1l\u00e1sa kiz\u00e1r\u00f3lag a jogi k\u00f6vetelm\u00e9nyek teljes\u00edt\u00e9s\u00e9hez t\u00f6rt\u00e9nhet \u00e9s m\u00e1s m\u00f3don nem lehets\u00e9ges a hozz\u00e1juk t\u00f6rt\u00e9n\u0151 hozz\u00e1f\u00e9r\u00e9s.<\/span><\/p>\n<p class=\"p3\"><span class=\"s1\"><b>10.\u00a0\u00a0Az \u00d6n, mint Adatalany jogai<\/b><\/span><\/p>\n<p class=\"p3\"><span class=\"s1\">Joga van tudni, hogy feldolgoztuk a szem\u00e9lyes adatait. \u00d6n arra is jogosult, hogy arra k\u00e9rjen benn\u00fcnket, t\u00f6r\u00f6lj\u00fck valamennyi szem\u00e9lyes adat\u00e1t, amelyet kor\u00e1bban t\u00e1roltunk, mindaddig, am\u00edg nincs olyan jogszab\u00e1ly hat\u00e1lyban, amely ezt megakad\u00e1lyozn\u00e1. Tiltakozhat a szem\u00e9lyes inform\u00e1ci\u00f3inak \u00e1ltalunk t\u00f6rt\u00e9n\u0151 feldolgoz\u00e1sa ellen, ha olyan jogos \u00e9rdeke \u00e1ll fen, amelyet nem ellens\u00falyoz a mi, szem\u00e9lyes adatainak feldolgoz\u00e1s\u00e1hoz f\u0171z\u0151d\u0151 \u00e9rdek\u00fcnk. \u00d6n azt is jogosult k\u00e9rni, hogy az \u00e1ltalunk nyilv\u00e1ntartott b\u00e1rmely pontatlan\/hi\u00e1nyos szem\u00e9lyes adat\u00e1t jav\u00edtsuk ki. \u00d6n k\u00e9rheti, hogy adjuk \u00e1t az \u00d6n hozz\u00e1j\u00e1rul\u00e1s\u00e1val vagy egy szerz\u0151d\u00e9s teljes\u00edt\u00e9s\u00e9hez sz\u00fcks\u00e9ges folyamat r\u00e9szek\u00e9nt gy\u0171jt\u00f6tt adatokat adjuk \u00e1t \u00d6n vagy egy \u00d6n \u00e1ltal megnevezett harmadik f\u00e9l r\u00e9sz\u00e9re (adatok hordozhat\u00f3s\u00e1g\u00e1hoz val\u00f3 jog). Mindaddig, am\u00edg az \u00d6n hozz\u00e1j\u00e1rul\u00e1s\u00e1val gy\u0171jt\u00f6tt adatokat dolgozunk fel, \u00d6n b\u00e1rmikor jogosult az enged\u00e9ly\u00e9nek visszavon\u00e1s\u00e1ra. Az enged\u00e9ly visszavon\u00e1sa nem teszi \u00e9rv\u00e9nytelenn\u00e9 a beleegyez\u00e9s\u00e9vel kapott adatok kor\u00e1bbi feldolgoz\u00e1s\u00e1t. Felveheti vel\u00fcnk a kapcsolatot a jogait illet\u0151en lev\u00e9lben az \u00dcgyf\u00e9lszolg\u00e1latunk felkeres\u00e9s\u00e9vel a k\u00f6vetkez\u0151 c\u00edmen:<\/span> <span class=\"s1\">3416 Tard, R\u00e1k\u00f3czi \u00fat 30.; vagy e-mailben a k\u00f6vetkez\u0151 c\u00edmen: <a href=\"mailto:info@matyodesign.hu\"><span class=\"s7\">info@matyodesign.hu<\/span><\/a> . Ha \u00fagy v\u00e9li, hogy az adatait enged\u00e9ly n\u00e9lk\u00fcl dolgoztuk fel, panaszt ny\u00fajthat be az illet\u00e9kes fel\u00fcgyeleti hat\u00f3s\u00e1gn\u00e1l:<\/span><\/p>\n<p class=\"p3\"><span class=\"s1\">Nemzeti Adatv\u00e9delmi \u00e9s Inform\u00e1ci\u00f3szabads\u00e1g Hat\u00f3s\u00e1g; Szil\u00e1gyi Erzs\u00e9bet fasor 22\/C, H-1125 Budapest, Tel. +36 1 3911 400, e-mail:\u00a0<a href=\"mailto:peterfalvi.attila@naih.hu\"><span class=\"s6\">peterfalvi.attila@naih.hu<\/span><\/a>, Weboldal:\u00a0<a href=\"http:\/\/www.naih.hu\/\"><span class=\"s6\">http:\/\/www.naih.hu\/<\/span><\/a><\/span><\/p>\n<p class=\"p3\"><span class=\"s1\"><b>11.\u00a0\u00a0El\u00e9rhet\u0151s\u00e9g<\/b><\/span><\/p>\n<p class=\"p3\"><span class=\"s1\">C\u00edm: Matyodesign Nonprofit Kft.<\/span><\/p>\n<p class=\"p3\"><span class=\"s1\">Telefonsz\u00e1m: +36 20\u00a0982 2830<\/span><\/p>\n<p class=\"p5\"><span class=\"s3\">Email c\u00edm: <a href=\"mailto:info@matyodesign.hu\"><span class=\"s8\">info@matyodesign.hu<\/span><\/a><\/span><\/p>\n<p class=\"p3\"><span class=\"s1\"><b>12.\u00a0\u00a0Adatkezel\u0151<\/b><\/span><\/p>\n<p class=\"p3\"><span class=\"s1\">A szem\u00e9lyes adatai feldolgoz\u00e1s\u00e1\u00e9rt felel\u0151s:<\/span><\/p>\n<p class=\"p6\"><span class=\"s1\">N\u00e9v: Matyodesign Nonprofit Kft.<\/span><\/p>\n<p class=\"p6\"><span class=\"s1\">Sz\u00e9khely: 3416 Tard, R\u00e1k\u00f3czi \u00fat 30<\/span><\/p>\n<p class=\"p6\"><span class=\"s1\">Ad\u00f3sz\u00e1m: 25060623-2-05<\/span><\/p>\n<p class=\"p6\"><span class=\"s1\">C\u00e9gjegyz\u00e9ksz\u00e1ma: 05-09-027462<\/span><\/p>\n<p class=\"p6\"><span class=\"s1\">Nyilv\u00e1ntart\u00f3\u200b \u200b B\u00edr\u00f3s\u00e1g: Miskolci T\u00f6rv\u00e9nysz\u00e9k C\u00e9gb\u00edr\u00f3s\u00e1ga<\/span><\/p>\n<p class=\"p6\"><span class=\"s1\">E-mail: info@matyodesign.hu<\/span><\/p>\n<p class=\"p6\"><span class=\"s1\">K\u00e9pviseli: V\u00e1czi Roz\u00e1lia<\/span><\/p>\n<p class=\"p3\"><span class=\"s1\"><b>13.\u00a0\u00a0Adatv\u00e9delmi Biztos<\/b><\/span><\/p>\n<p class=\"p3\"><span class=\"s1\">Adatv\u00e9delmi Biztosunk minden olyan k\u00e9rd\u00e9s\u00e9t vagy \u00e9szrev\u00e9tel\u00e9t megv\u00e1laszolja, amely az adatv\u00e9delemmel kapcsolatos.<\/span><\/p>\n<p class=\"p6\"><span class=\"s1\">K\u00e9pviseli: V\u00e1czi Roz\u00e1lia<\/span><\/p>\n<p class=\"p3\"><span class=\"s1\">Telefonsz\u00e1m: +36 20\u00a0982 2830<\/span><\/p>\n<p class=\"p5\"><span class=\"s3\">Email c\u00edm: <a href=\"mailto:info@matyodesign.hu\"><span class=\"s8\">info@matyodesign.hu<\/span><\/a><\/span><\/p>\n<p>&nbsp;<\/p>\n<p><strong>14. T\u00e1rhelyszolg\u00e1ltat\u00f3<\/strong><\/p>\n<p>Neve: ININET Internet Kft.<br \/>\nC\u00edme: 1063 Budapest Szinyei Merse utca 10.<br \/>\nE-mail c\u00edme: info@ininet.hu<\/p>\n<p>&nbsp;<\/p>\n\n\t\t<\/div>\n\t<\/div>\n<\/div><\/div><\/div><\/div>\n<\/section>","protected":false},"excerpt":{"rendered":"1.\u00a0\u00c1ltal\u00e1nos Az adatv\u00e9delem bizalom k\u00e9rd\u00e9se, mi pedig azt szeretn\u00e9nk, hogy b\u00edzzon benn\u00fcnk a szem\u00e9lyes adatainak megfelel\u0151 v\u00e9delm\u00e9t illet\u0151en. K\u00f6vetkez\u00e9sk\u00e9ppen, a Matyodesign Nonprofit Kft., sz\u00e9khely: 3416 Tard, R\u00e1k\u00f3czi \u00fat 30, c\u00e9gjegyz\u00e9ksz\u00e1m: 05-09-027462, ad\u00f3sz\u00e1m: 25060623-2-05, Nyilv\u00e1ntart\u00f3\u200b \u200b B\u00edr\u00f3s\u00e1g: Miskolci T\u00f6rv\u00e9nysz\u00e9k C\u00e9gb\u00edr\u00f3s\u00e1ga (a [...]","protected":false},"author":1,"featured_media":0,"parent":0,"menu_order":0,"comment_status":"closed","ping_status":"closed","template":"","meta":{"footnotes":""},"class_list":["post-24363","page","type-page","status-publish","hentry"],"yoast_head":"<!-- This site is optimized with the Yoast SEO plugin v27.5 - https:\/\/yoast.com\/product\/yoast-seo-wordpress\/ -->\n<title>GDPR - Adatv\u00e9delem a Matyodesignn\u00e1l<\/title>\n<meta name=\"description\" content=\"A Matyodesign elk\u00f6telezett az adatv\u00e9delem ir\u00e1nt. Ismerd meg, hogyan v\u00e9dj\u00fck meg a szem\u00e9lyes adatokat a GDPR el\u0151\u00edr\u00e1saival!\" \/>\n<meta name=\"robots\" content=\"index, follow, max-snippet:-1, max-image-preview:large, max-video-preview:-1\" \/>\n<link rel=\"canonical\" href=\"https:\/\/matyodesign.hu\/en\/gdpr\/\" \/>\n<meta property=\"og:locale\" content=\"en_GB\" \/>\n<meta property=\"og:type\" content=\"article\" \/>\n<meta property=\"og:title\" content=\"GDPR - Adatv\u00e9delem a Matyodesignn\u00e1l\" \/>\n<meta property=\"og:description\" content=\"A Matyodesign elk\u00f6telezett az adatv\u00e9delem ir\u00e1nt. Ismerd meg, hogyan v\u00e9dj\u00fck meg a szem\u00e9lyes adatokat a GDPR el\u0151\u00edr\u00e1saival!\" \/>\n<meta property=\"og:url\" content=\"https:\/\/matyodesign.hu\/en\/gdpr\/\" \/>\n<meta property=\"og:site_name\" content=\"matyodesign\" \/>\n<meta property=\"article:modified_time\" content=\"2025-04-11T09:12:03+00:00\" \/>\n<meta name=\"twitter:card\" content=\"summary_large_image\" \/>\n<meta name=\"twitter:label1\" content=\"Estimated reading time\" \/>\n\t<meta name=\"twitter:data1\" content=\"17 minutes\" \/>\n<script type=\"application\/ld+json\" class=\"yoast-schema-graph\">{\"@context\":\"https:\\\/\\\/schema.org\",\"@graph\":[{\"@type\":\"WebPage\",\"@id\":\"https:\\\/\\\/matyodesign.hu\\\/gdpr\\\/\",\"url\":\"https:\\\/\\\/matyodesign.hu\\\/gdpr\\\/\",\"name\":\"GDPR - Adatv\u00e9delem a Matyodesignn\u00e1l\",\"isPartOf\":{\"@id\":\"https:\\\/\\\/matyodesign.hu\\\/#website\"},\"datePublished\":\"2015-06-26T09:33:18+00:00\",\"dateModified\":\"2025-04-11T09:12:03+00:00\",\"description\":\"A Matyodesign elk\u00f6telezett az adatv\u00e9delem ir\u00e1nt. Ismerd meg, hogyan v\u00e9dj\u00fck meg a szem\u00e9lyes adatokat a GDPR el\u0151\u00edr\u00e1saival!\",\"breadcrumb\":{\"@id\":\"https:\\\/\\\/matyodesign.hu\\\/gdpr\\\/#breadcrumb\"},\"inLanguage\":\"en-GB\",\"potentialAction\":[{\"@type\":\"ReadAction\",\"target\":[\"https:\\\/\\\/matyodesign.hu\\\/gdpr\\\/\"]}]},{\"@type\":\"BreadcrumbList\",\"@id\":\"https:\\\/\\\/matyodesign.hu\\\/gdpr\\\/#breadcrumb\",\"itemListElement\":[{\"@type\":\"ListItem\",\"position\":1,\"name\":\"Kezd\u0151lap\",\"item\":\"https:\\\/\\\/matyodesign.hu\\\/\"},{\"@type\":\"ListItem\",\"position\":2,\"name\":\"GDPR &#8211; Adatkezel\u00e9si szab\u00e1lyzat\"}]},{\"@type\":\"WebSite\",\"@id\":\"https:\\\/\\\/matyodesign.hu\\\/#website\",\"url\":\"https:\\\/\\\/matyodesign.hu\\\/\",\"name\":\"matyodesign\",\"description\":\"K\u00e9zzel. Szeretettel. Neked.\",\"potentialAction\":[{\"@type\":\"SearchAction\",\"target\":{\"@type\":\"EntryPoint\",\"urlTemplate\":\"https:\\\/\\\/matyodesign.hu\\\/?s={search_term_string}\"},\"query-input\":{\"@type\":\"PropertyValueSpecification\",\"valueRequired\":true,\"valueName\":\"search_term_string\"}}],\"inLanguage\":\"en-GB\"}]}<\/script>\n<!-- \/ Yoast SEO plugin. -->","yoast_head_json":{"title":"GDPR - Adatv\u00e9delem a Matyodesignn\u00e1l","description":"A Matyodesign elk\u00f6telezett az adatv\u00e9delem ir\u00e1nt. Ismerd meg, hogyan v\u00e9dj\u00fck meg a szem\u00e9lyes adatokat a GDPR el\u0151\u00edr\u00e1saival!","robots":{"index":"index","follow":"follow","max-snippet":"max-snippet:-1","max-image-preview":"max-image-preview:large","max-video-preview":"max-video-preview:-1"},"canonical":"https:\/\/matyodesign.hu\/en\/gdpr\/","og_locale":"en_GB","og_type":"article","og_title":"GDPR - Adatv\u00e9delem a Matyodesignn\u00e1l","og_description":"A Matyodesign elk\u00f6telezett az adatv\u00e9delem ir\u00e1nt. Ismerd meg, hogyan v\u00e9dj\u00fck meg a szem\u00e9lyes adatokat a GDPR el\u0151\u00edr\u00e1saival!","og_url":"https:\/\/matyodesign.hu\/en\/gdpr\/","og_site_name":"matyodesign","article_modified_time":"2025-04-11T09:12:03+00:00","twitter_card":"summary_large_image","twitter_misc":{"Estimated reading time":"17 minutes"},"schema":{"@context":"https:\/\/schema.org","@graph":[{"@type":"WebPage","@id":"https:\/\/matyodesign.hu\/gdpr\/","url":"https:\/\/matyodesign.hu\/gdpr\/","name":"GDPR - Adatv\u00e9delem a Matyodesignn\u00e1l","isPartOf":{"@id":"https:\/\/matyodesign.hu\/#website"},"datePublished":"2015-06-26T09:33:18+00:00","dateModified":"2025-04-11T09:12:03+00:00","description":"A Matyodesign elk\u00f6telezett az adatv\u00e9delem ir\u00e1nt. Ismerd meg, hogyan v\u00e9dj\u00fck meg a szem\u00e9lyes adatokat a GDPR el\u0151\u00edr\u00e1saival!","breadcrumb":{"@id":"https:\/\/matyodesign.hu\/gdpr\/#breadcrumb"},"inLanguage":"en-GB","potentialAction":[{"@type":"ReadAction","target":["https:\/\/matyodesign.hu\/gdpr\/"]}]},{"@type":"BreadcrumbList","@id":"https:\/\/matyodesign.hu\/gdpr\/#breadcrumb","itemListElement":[{"@type":"ListItem","position":1,"name":"Kezd\u0151lap","item":"https:\/\/matyodesign.hu\/"},{"@type":"ListItem","position":2,"name":"GDPR &#8211; Adatkezel\u00e9si szab\u00e1lyzat"}]},{"@type":"WebSite","@id":"https:\/\/matyodesign.hu\/#website","url":"https:\/\/matyodesign.hu\/","name":"matyodesign","description":"K\u00e9zzel. Szeretettel. Neked.","potentialAction":[{"@type":"SearchAction","target":{"@type":"EntryPoint","urlTemplate":"https:\/\/matyodesign.hu\/?s={search_term_string}"},"query-input":{"@type":"PropertyValueSpecification","valueRequired":true,"valueName":"search_term_string"}}],"inLanguage":"en-GB"}]}},"_links":{"self":[{"href":"https:\/\/matyodesign.hu\/en\/wp-json\/wp\/v2\/pages\/24363","targetHints":{"allow":["GET"]}}],"collection":[{"href":"https:\/\/matyodesign.hu\/en\/wp-json\/wp\/v2\/pages"}],"about":[{"href":"https:\/\/matyodesign.hu\/en\/wp-json\/wp\/v2\/types\/page"}],"author":[{"embeddable":true,"href":"https:\/\/matyodesign.hu\/en\/wp-json\/wp\/v2\/users\/1"}],"replies":[{"embeddable":true,"href":"https:\/\/matyodesign.hu\/en\/wp-json\/wp\/v2\/comments?post=24363"}],"version-history":[{"count":3,"href":"https:\/\/matyodesign.hu\/en\/wp-json\/wp\/v2\/pages\/24363\/revisions"}],"predecessor-version":[{"id":102321,"href":"https:\/\/matyodesign.hu\/en\/wp-json\/wp\/v2\/pages\/24363\/revisions\/102321"}],"wp:attachment":[{"href":"https:\/\/matyodesign.hu\/en\/wp-json\/wp\/v2\/media?parent=24363"}],"curies":[{"name":"wp","href":"https:\/\/api.w.org\/{rel}","templated":true}]}}