{"id":80756,"date":"2019-09-22T20:50:20","date_gmt":"2019-09-22T20:50:20","guid":{"rendered":"https:\/\/matyodesign.hu\/?page_id=80756"},"modified":"2025-04-11T11:56:02","modified_gmt":"2025-04-11T09:56:02","slug":"projektjeink","status":"publish","type":"page","link":"https:\/\/matyodesign.hu\/en\/projektjeink\/","title":{"rendered":"OUR PROJECTS"},"content":{"rendered":"<section class=\"wpb-content-wrapper\"><div class=\"vc_row wpb_row vc_row-fluid\" ><div class=\"wpb_column vc_column_container vc_col-sm-12\"><div class=\"vc_column-inner\"><div class=\"wpb_wrapper\">\n\t<div class=\"wpb_tabs wpb_content_element\" data-interval=\"0\">\n\t\t<div class=\"wpb_wrapper wpb_tour_tabs_wrapper ui-tabs vc_clearfix\">\n\t\t\t<ul class=\"wpb_tabs_nav ui-tabs-nav vc_clearfix\"><li><a href=\"#tab-1634030096370-3-8\">Bemutat\u00f3terem<\/a><\/li><li><a href=\"#tab-1612453665546-2-10\">Matyodesign Energetikai beruh\u00e1z\u00e1s<\/a><\/li><li><a href=\"#tab-1599593992-2-70\">Matyodesign Varroda<\/a><\/li><li><a href=\"#tab-1741875511195-3-10\">Matyodesign Center<\/a><\/li><\/ul>\n\t<div id=\"tab-1634030096370-3-8\" class=\"wpb_tab ui-tabs-panel wpb_ui-tabs-hide vc_clearfix\">\n\t\t<div class=\"vc_row wpb_row vc_inner vc_row-fluid\" ><div class=\"wpb_column vc_column_container vc_col-sm-6\"><div class=\"vc_column-inner\"><div class=\"wpb_wrapper\">\n\t<div class=\"wpb_text_column wpb_content_element\" >\n\t\t<div class=\"wpb_wrapper\">\n\t\t\t<div class=\"gmail_quote\">\n<div lang=\"HU\">\n<div>\n<p><b><span lang=\"HU\">A kedvezm\u00e9nyezett neve:<br \/>\n<\/span><\/b>Matyodesign Nonprofit Kft.<\/p>\n<\/div>\n<div>\n<p><span lang=\"HU\"><b>A projekt c\u00edme:<br \/>\n<\/b><\/span>Matyodesign Bemutat\u00f3terem<\/p>\n<\/div>\n<div>\n<p><span lang=\"HU\"><b>A t\u00e1mogat\u00e1s \u00f6sszege:<br \/>\n<\/b><\/span>34\u00a0446 331 Ft<\/p>\n<\/div>\n<div>\n<p><span lang=\"HU\"><b>A t\u00e1mogat\u00e1s m\u00e9rt\u00e9ke:<br \/>\n<\/b><\/span>70%<\/p>\n<\/div>\n<div>\n<p><span lang=\"HU\"><b>A projekt azonos\u00edt\u00f3sz\u00e1ma:<br \/>\n<\/b><\/span>GINOP-1.2.14-20-2021-00063<\/p>\n<\/div>\n<div>\n<p><span lang=\"HU\"><b>A p\u00e1ly\u00e1zati felh\u00edv\u00e1s neve, k\u00f3dsz\u00e1ma:<br \/>\n<\/b><\/span>GINOP-1.2.14-20 Divat \u00e9s Diz\u00e1jnipari mikro-, kis- \u00e9s k\u00f6z\u00e9pv\u00e1llalkoz\u00e1sok modern \u00fczleti \u00e9s termel\u00e9si kih\u00edv\u00e1sokhoz val\u00f3 alkalmazkod\u00e1s\u00e1t seg\u00edt\u0151 fejleszt\u00e9sek t\u00e1mogat\u00e1sa<\/p>\n<\/div>\n<div>\n<p><span lang=\"HU\"><b>A projekt t\u00e9nyleges befejez\u00e9si d\u00e1tuma:<br \/>\n<\/b><\/span>2022.11.25.<\/p>\n<\/div>\n<\/div>\n<\/div>\n\n\t\t<\/div>\n\t<\/div>\n<\/div><\/div><\/div><div class=\"wpb_column vc_column_container vc_col-sm-6\"><div class=\"vc_column-inner\"><div class=\"wpb_wrapper\">\n\t<div  class=\"wpb_single_image wpb_content_element vc_align_left\">\n\t\t\n\t\t<figure class=\"wpb_wrapper vc_figure\">\n\t\t\t<div class=\"vc_single_image-wrapper   vc_box_border_grey\"><img loading=\"lazy\" decoding=\"async\" width=\"1453\" height=\"1004\" src=\"https:\/\/matyodesign.hu\/wp-content\/uploads\/2024\/07\/infoblokk_kedv_final_felso_cmyk_ERFA.webp\" class=\"vc_single_image-img attachment-full\" alt=\"\" title=\"infoblokk_kedv_final_felso_cmyk_ERFA\" srcset=\"https:\/\/matyodesign.hu\/wp-content\/uploads\/2024\/07\/infoblokk_kedv_final_felso_cmyk_ERFA.webp 1453w, https:\/\/matyodesign.hu\/wp-content\/uploads\/2024\/07\/infoblokk_kedv_final_felso_cmyk_ERFA-300x207.webp 300w, https:\/\/matyodesign.hu\/wp-content\/uploads\/2024\/07\/infoblokk_kedv_final_felso_cmyk_ERFA-1024x708.webp 1024w, https:\/\/matyodesign.hu\/wp-content\/uploads\/2024\/07\/infoblokk_kedv_final_felso_cmyk_ERFA-768x531.webp 768w, https:\/\/matyodesign.hu\/wp-content\/uploads\/2024\/07\/infoblokk_kedv_final_felso_cmyk_ERFA-18x12.webp 18w, https:\/\/matyodesign.hu\/wp-content\/uploads\/2024\/07\/infoblokk_kedv_final_felso_cmyk_ERFA-600x415.webp 600w\" sizes=\"auto, (max-width: 1453px) 100vw, 1453px\" \/><\/div>\n\t\t<\/figure>\n\t<\/div>\n<\/div><\/div><\/div><\/div>\n\t<div class=\"wpb_text_column wpb_content_element\" >\n\t\t<div class=\"wpb_wrapper\">\n\t\t\t<div class=\"gmail_quote\">\n<div lang=\"HU\">\n<div class=\"page\" title=\"Page 1\">\n<div class=\"section\">\n<div class=\"layoutArea\">\n<div class=\"column\">\n<div>\n<p><strong><span lang=\"HU\">A projekt \u00f6sszefoglal\u00e1sa:<\/span><\/strong><\/p>\n<\/div>\n<div>\n<p><span lang=\"HU\">A n\u00f6veked\u00e9s biztos\u00edt\u00e1s\u00e1hoz bemutat\u00f3termet k\u00edv\u00e1nunk l\u00e9trehozni Tardon, ahol az \u00e9rdekl\u0151d\u0151k megismerik a term\u00e9keinket, a munkafolyamatokat, a munkaeszk\u00f6z\u00f6k haszn\u00e1lat\u00e1t. A projekt keret\u00e9ben divat-\u00e9s designipari gy\u00e1rt\u00f3k\u00e9nt a 21. sz\u00e1zad gazdas\u00e1gi trendjeit k\u00f6vetve meg\u00fajul\u00e1sunkat el\u0151seg\u00edt\u0151 technol\u00f3giai fejleszt\u00e9st is v\u00e9grehajtunk, a munkav\u00e9gz\u00e9st optimaliz\u00e1ljuk, a viszontelad\u00f3kkal, online megrendel\u0151kkel, egyedi varrodai, h\u00edmz\u00e9s szolg\u00e1ltat\u00e1st ig\u00e9nybe vev\u0151kkel transzparens folyamatok keret\u00e9ben tarthatunk kapcsolatot. Bemutat\u00f3terem eredm\u00e9nyek\u00e9ppen a viszontelad\u00f3i h\u00e1l\u00f3zat b\u0151v\u00fclni tud, nagyobb \u00e9rt\u00e9kes\u00edt\u00e9si volumen \u00e9rhet\u0151 el, mely a bev\u00e9telek n\u00f6veked\u00e9s\u00e9hez vezet, az \u00e1gazat egyik jelent\u0151s szerepl\u0151jek\u00e9nt k\u00f6z\u00e9pt\u00e1von meger\u0151s\u00f6dhet\u00fcnk. A fejleszt\u00e9s hat\u00e1sak\u00e9nt a mag\u00e1nszem\u00e9ly vev\u0151ket fogadhatjuk, melyb\u0151l bev\u00e9teleket gener\u00e1lhatunk, amiket visszaforgathatunk. Az \u00e9rdekl\u0151d\u0151knek lehet\u0151s\u00e9g\u00fcnk lesz arra, hogy a bemutat\u00f3teremben a varrodavezet\u0151vel egyedi ruh\u00e1k tervez\u00e9s\u00e9ben, sz\u00ednek \u00e9s mint\u00e1k kiv\u00e1laszt\u00e1s\u00e1ban egy interakt\u00edv folyamat keret\u00e9ben r\u00e9szt vegyenek, mely tev\u00e9kenys\u00e9ggel az egyedis\u00e9gre m\u00e9g nagyobb hangs\u00falyt tudunk fektetni a t\u00f6meggy\u00e1rt\u00e1ssal szemben. Ily m\u00f3don a j\u00f6v\u0151ben a ki\u00e9lezett, er\u0151forr\u00e1sig\u00e9nyes nemzetk\u00f6zi versenyben profit\u00e1bilisan, fejl\u0151d\u0151k\u00e9pesen, versenyk\u00e9pesen m\u0171k\u00f6dhet\u00fcnk. Tov\u00e1bbi hat\u00e1sa a bemutat\u00f3terem l\u00e9trehoz\u00e1s\u00e1nak a term\u00e9kfejleszt\u00e9s, sz\u00e1mos fejleszt\u0151 \u00f6tlettel rendelkez\u00fcnk, amit bemutat\u00f3term\u00fcnkben az \u00e9rdekl\u0151d\u0151knek bemutatunk, \u0151ket bevonhatjuk tervez\u00e9sbe. Ilyen fejleszt\u0151 \u00f6tlet p\u00e9ld\u00e1ul, hogy a h\u00edmzett textilipari term\u00e9kek mellett Matyodesign log\u00f3val ell\u00e1tott kisebb faipari aj\u00e1nd\u00e9kt\u00e1rgyak gy\u00e1rt\u00e1s\u00e1nak kialak\u00edt\u00e1s\u00e1t is v\u00e9ghez k\u00edv\u00e1njuk vinni. \u00d6sszess\u00e9g\u00e9ben a projekt eredm\u00e9nyek\u00e9ppen a bemutat\u00f3terem l\u00e9trehoz\u00e1s\u00e1val t\u00f6bb emberhez juthatunk el, bev\u00e9teleink, exportunk a viszontelad\u00f3i, valamint a k\u00f6zvetlen online v\u00e1s\u00e1rl\u00f3k megrendel\u00e9si \u00e1llom\u00e1nyainak n\u00f6veked\u00e9s\u00e9vel tud gyarapodni. A projekt r\u00e1ford\u00edt\u00e1sai hozz\u00e1j\u00e1rulnak a j\u00f6v\u0151beli exponenci\u00e1lis bev\u00e9tel n\u00f6veked\u00e9shez, a digitaliz\u00e1ci\u00f3nak, \u00faj eszk\u00f6z\u00f6k, g\u00e9pek beszerz\u00e9s\u00e9nek, infrastruktur\u00e1lis beruh\u00e1z\u00e1snak k\u00f6sz\u00f6nhet\u0151en, a technol\u00f3giai rendszerek \u00e9s kapacit\u00e1sok kialak\u00edt\u00e1s\u00e1val hat\u00e9konys\u00e1gunk n\u00f6vekszik, fokozott eredm\u00e9nyess\u00e9ggel tudunk szakmailag, technol\u00f3giailag \u00e9s \u00fczletileg is gyarapodni.<\/span><\/p>\n<\/div>\n<\/div>\n<\/div>\n<\/div>\n<\/div>\n<\/div>\n<\/div>\n\n\t\t<\/div>\n\t<\/div>\n\n\t<\/div>\n\n\t<div id=\"tab-1612453665546-2-10\" class=\"wpb_tab ui-tabs-panel wpb_ui-tabs-hide vc_clearfix\">\n\t\t<div class=\"vc_row wpb_row vc_inner vc_row-fluid\" ><div class=\"wpb_column vc_column_container vc_col-sm-6\"><div class=\"vc_column-inner\"><div class=\"wpb_wrapper\">\n\t<div class=\"wpb_text_column wpb_content_element\" >\n\t\t<div class=\"wpb_wrapper\">\n\t\t\t<div class=\"gmail_quote\">\n<div lang=\"HU\">\n<div>\n<div>\n<p><b><span lang=\"HU\">A kedvezm\u00e9nyezett neve:<\/span><\/b><\/p>\n<\/div>\n<div>\n<p><span lang=\"HU\">Matyodesign Nonprofit Kft.<\/span><\/p>\n<\/div>\n<div>\n<p><span lang=\"HU\"><br \/>\n<b>A projekt c\u00edme:<\/b><\/span><\/p>\n<\/div>\n<div>\n<p><span lang=\"HU\">Energetikai beruh\u00e1z\u00e1s megval\u00f3s\u00edt\u00e1sa a\u00a0<\/span>Matyodesign Nonprofit Kft-n\u00e9l<\/p>\n<\/div>\n<div>\n<p><span lang=\"HU\"><br \/>\n<b><\/b><\/span><\/p>\n<\/div>\n<div>\n<p><b><span lang=\"HU\">A t\u00e1mogat\u00e1s \u00f6sszege:<\/span><\/b><\/p>\n<\/div>\n<div>\n<p><span lang=\"HU\">3 175\u00a0263 Ft<\/span><\/p>\n<\/div>\n<div>\n<p><span lang=\"HU\"><br \/>\n<b>A t\u00e1mogat\u00e1s m\u00e9rt\u00e9ke:<\/b><\/span><\/p>\n<\/div>\n<div>\n<p><span lang=\"HU\">54,99%<\/span><\/p>\n<\/div>\n<div>\n<p><span lang=\"HU\"><br \/>\n<b>A projekt azonos\u00edt\u00f3sz\u00e1ma:<\/b><\/span><\/p>\n<\/div>\n<div>\n<p><span lang=\"HU\">GINOP-4.1.4-19-2020-00855<\/span><\/p>\n<\/div>\n<div>\n<p><span lang=\"HU\"><br \/>\n<b>A p\u00e1ly\u00e1zati felh\u00edv\u00e1s neve, k\u00f3dsz\u00e1ma:<\/b><\/span><\/p>\n<\/div>\n<div>\n<p><span lang=\"HU\">GINOP-4.1.4.-19 Meg\u00fajul\u00f3 energia haszn\u00e1lat\u00e1t, energiahat\u00e9konys\u00e1g n\u00f6vel\u00e9s\u00e9t c\u00e9lz\u00f3 \u00e9p\u00fcletenergetikai fejleszt\u00e9sek t\u00e1mogat\u00e1sa<\/span><\/p>\n<\/div>\n<div>\n<p><span lang=\"HU\"><br \/>\n<b>A projekt tervezett befejez\u00e9si d\u00e1tuma:<\/b><\/span><\/p>\n<\/div>\n<div>\n<p><span lang=\"HU\">2021.12.31.<\/span><\/p>\n<\/div>\n<\/div>\n<\/div>\n<\/div>\n\n\t\t<\/div>\n\t<\/div>\n<\/div><\/div><\/div><div class=\"wpb_column vc_column_container vc_col-sm-6\"><div class=\"vc_column-inner\"><div class=\"wpb_wrapper\">\n\t<div  class=\"wpb_single_image wpb_content_element vc_align_left\">\n\t\t\n\t\t<figure class=\"wpb_wrapper vc_figure\">\n\t\t\t<div class=\"vc_single_image-wrapper   vc_box_border_grey\"><img loading=\"lazy\" decoding=\"async\" width=\"1453\" height=\"1004\" src=\"https:\/\/matyodesign.hu\/wp-content\/uploads\/2024\/07\/infoblokk_kedv_final_felso_cmyk_ERFA.webp\" class=\"vc_single_image-img attachment-full\" alt=\"\" title=\"infoblokk_kedv_final_felso_cmyk_ERFA\" srcset=\"https:\/\/matyodesign.hu\/wp-content\/uploads\/2024\/07\/infoblokk_kedv_final_felso_cmyk_ERFA.webp 1453w, https:\/\/matyodesign.hu\/wp-content\/uploads\/2024\/07\/infoblokk_kedv_final_felso_cmyk_ERFA-300x207.webp 300w, https:\/\/matyodesign.hu\/wp-content\/uploads\/2024\/07\/infoblokk_kedv_final_felso_cmyk_ERFA-1024x708.webp 1024w, https:\/\/matyodesign.hu\/wp-content\/uploads\/2024\/07\/infoblokk_kedv_final_felso_cmyk_ERFA-768x531.webp 768w, https:\/\/matyodesign.hu\/wp-content\/uploads\/2024\/07\/infoblokk_kedv_final_felso_cmyk_ERFA-18x12.webp 18w, https:\/\/matyodesign.hu\/wp-content\/uploads\/2024\/07\/infoblokk_kedv_final_felso_cmyk_ERFA-600x415.webp 600w\" sizes=\"auto, (max-width: 1453px) 100vw, 1453px\" \/><\/div>\n\t\t<\/figure>\n\t<\/div>\n<\/div><\/div><\/div><\/div>\n\t<div class=\"wpb_text_column wpb_content_element\" >\n\t\t<div class=\"wpb_wrapper\">\n\t\t\t<div class=\"gmail_quote\">\n<div lang=\"HU\">\n<div class=\"page\" title=\"Page 1\">\n<div class=\"section\">\n<div class=\"layoutArea\">\n<div class=\"column\">\n<p><strong>A projekt \u00f6sszefoglal\u00e1sa:<\/strong><\/p>\n<p>A fejleszt\u00e9s c\u00e9ljak\u00e9nt a tardi \u00e9p\u00fclet energiatakar\u00e9koss\u00e1g\u00e1nak \u00e9s energiahat\u00e9konys\u00e1g\u00e1nak jav\u00edt\u00e1s\u00e1t, a fenntart\u00e1si k\u00f6lts\u00e9geinek cs\u00f6kkent\u00e9s\u00e9t, k\u00f6rnyezettudatos gazdas\u00e1gi versenyk\u00e9pess\u00e9g\u00fcnk er\u0151s\u00edt\u00e9s\u00e9t, a k\u00f6rnyezetterhel\u00e9s cs\u00f6kkent\u00e9s\u00e9t t\u0171zt\u00fck ki. Tov\u00e1bbi c\u00e9lunk, hogy a fejleszt\u00e9ssel jav\u00edtsuk munkak\u00f6r\u00fclm\u00e9nyeinket \u00e9s a l\u00e9trej\u00f6tt megtakar\u00edt\u00e1s \u00e1tcsoportos\u00edt\u00e1s\u00e1val technol\u00f3giai min\u0151s\u00e9gjavul\u00e1st \u00e9s \u00e1rbev\u00e9tel n\u00f6veked\u00e9st \u00e9rj\u00fcnk el. Az energiahat\u00e9konys\u00e1g jav\u00edt\u00e1s\u00e1nak jegy\u00e9ben a k\u00f6vetkez\u0151 tev\u00e9kenys\u00e9gek ker\u00fcltek megval\u00f3s\u00edt\u00e1sra a p\u00e1ly\u00e1zat keretein bel\u00fcl:<\/p>\n<ul>\n<li>f\u0171t\u00e9skorszer\u0171s\u00edt\u00e9s<\/li>\n<li>\u00e1rny\u00e9kol\u00e1stechnikai rendszer ki\u00e9p\u00edt\u00e9se<\/li>\n<li>napelemes rendszer telep\u00edt\u00e9se<\/li>\n<li>ny\u00edl\u00e1sz\u00e1r\u00f3k cser\u00e9je<\/li>\n<\/ul>\n<\/div>\n<\/div>\n<\/div>\n<\/div>\n<\/div>\n<\/div>\n\n\t\t<\/div>\n\t<\/div>\n\n\t<\/div>\n\n\t<div id=\"tab-1599593992-2-70\" class=\"wpb_tab ui-tabs-panel wpb_ui-tabs-hide vc_clearfix\">\n\t\t<div class=\"vc_row wpb_row vc_inner vc_row-fluid\" ><div class=\"wpb_column vc_column_container vc_col-sm-6\"><div class=\"vc_column-inner\"><div class=\"wpb_wrapper\">\n\t<div class=\"wpb_text_column wpb_content_element\" >\n\t\t<div class=\"wpb_wrapper\">\n\t\t\t<div class=\"gmail_quote\">\n<div lang=\"HU\">\n<div>\n<p><b>A kedvezm\u00e9nyezett neve:<\/b><br \/>\nMatyodesign Nonprofit Kft.<br \/>\n<b>A projekt c\u00edme:<\/b><br \/>\nMatyodesign Varroda<br \/>\n<b>A t\u00e1mogat\u00e1s \u00f6sszege:<\/b><br \/>\n62 509 450 Ft<br \/>\n<b>A t\u00e1mogat\u00e1s m\u00e9rt\u00e9ke:<\/b><br \/>\n81,76%<br \/>\n<b>A projekt azonos\u00edt\u00f3sz\u00e1ma:<\/b><br \/>\nGINOP-5.1.7-17-2019-00324<br \/>\n<b>A p\u00e1ly\u00e1zati felh\u00edv\u00e1s neve, k\u00f3dsz\u00e1ma:<\/b><br \/>\nGINOP-5.1.7.-17 T\u00e1rsadalmi c\u00e9l\u00fa v\u00e1llalkoz\u00e1sok \u00f6szt\u00f6nz\u00e9se<br \/>\n<b>A projekt tervezett befejez\u00e9si d\u00e1tuma:<\/b><br \/>\n2021.05.01.<br \/>\n<b>A projekt t\u00e9nyleges befejez\u00e9si d\u00e1tuma:<\/b><br \/>\n2021.01.31<br \/>\n<u><\/u><u><\/u><\/p>\n<p>&nbsp;<\/p>\n<\/div>\n<\/div>\n<\/div>\n\n\t\t<\/div>\n\t<\/div>\n<\/div><\/div><\/div><div class=\"wpb_column vc_column_container vc_col-sm-6\"><div class=\"vc_column-inner\"><div class=\"wpb_wrapper\">\n\t<div  class=\"wpb_single_image wpb_content_element vc_align_left\">\n\t\t\n\t\t<figure class=\"wpb_wrapper vc_figure\">\n\t\t\t<div class=\"vc_single_image-wrapper   vc_box_border_grey\"><img loading=\"lazy\" decoding=\"async\" width=\"1453\" height=\"1004\" src=\"https:\/\/matyodesign.hu\/wp-content\/uploads\/2024\/07\/infoblokk_kedv_final_felso_cmyk_ERFA.webp\" class=\"vc_single_image-img attachment-full\" alt=\"\" title=\"infoblokk_kedv_final_felso_cmyk_ERFA\" srcset=\"https:\/\/matyodesign.hu\/wp-content\/uploads\/2024\/07\/infoblokk_kedv_final_felso_cmyk_ERFA.webp 1453w, https:\/\/matyodesign.hu\/wp-content\/uploads\/2024\/07\/infoblokk_kedv_final_felso_cmyk_ERFA-300x207.webp 300w, https:\/\/matyodesign.hu\/wp-content\/uploads\/2024\/07\/infoblokk_kedv_final_felso_cmyk_ERFA-1024x708.webp 1024w, https:\/\/matyodesign.hu\/wp-content\/uploads\/2024\/07\/infoblokk_kedv_final_felso_cmyk_ERFA-768x531.webp 768w, https:\/\/matyodesign.hu\/wp-content\/uploads\/2024\/07\/infoblokk_kedv_final_felso_cmyk_ERFA-18x12.webp 18w, https:\/\/matyodesign.hu\/wp-content\/uploads\/2024\/07\/infoblokk_kedv_final_felso_cmyk_ERFA-600x415.webp 600w\" sizes=\"auto, (max-width: 1453px) 100vw, 1453px\" \/><\/div>\n\t\t<\/figure>\n\t<\/div>\n<\/div><\/div><\/div><\/div>\n\t<div class=\"wpb_text_column wpb_content_element\" >\n\t\t<div class=\"wpb_wrapper\">\n\t\t\t<div class=\"gmail_quote\">\n<div lang=\"HU\">\n<div>\n<div class=\"page\" title=\"Page 1\">\n<div class=\"section\">\n<div class=\"layoutArea\">\n<div class=\"column\">\n<p><strong>A projekt \u00f6sszefoglal\u00e1sa:<\/strong><\/p>\n<p>A Matyodesign Nonprofit Kft. f\u0151tev\u00e9kenys\u00e9ge egy\u00e9b k\u00f6z\u00f6ss\u00e9gi, t\u00e1rsadalmi tev\u00e9kenys\u00e9g. Mindez mag\u00e1ba foglalja c\u00e9g\u00fcnk alapeszm\u00e9it, \u00e9rt\u00e9krendj\u00e9t, a fejlesztend\u0151 tev\u00e9kenys\u00e9get, a k\u00f6zvet\u00edtend\u0151 \u00fczenetet. A k\u00fcl\u00f6nleges maty\u00f3 h\u00edmz\u00e9svil\u00e1g terjeszt\u00e9s\u00e9vel Tardot, az ott \u00e9l\u0151 embereket, a kez\u00fckb\u0151l kiker\u00fcl\u0151 kincseket k\u00edv\u00e1njuk megismertetni Magyarorsz\u00e1ggal \u00e9s vil\u00e1gszerte. T\u00e1rsadalmi v\u00e1llalkoz\u00e1sunk a t\u00e1mogat\u00e1si k\u00e9relem beny\u00fajt\u00e1s\u00e1ig legnagyobb s\u00fallyal k\u00e9szen vett textil\u00e1ruk h\u00edmz\u00e9s\u00e9vel majd \u00e9rt\u00e9kes\u00edt\u00e9s\u00e9vel foglalkozott, \u00e1m jelen projekt keret\u00e9ben fejleszteni k\u00edv\u00e1nt varroda seg\u00edts\u00e9g\u00e9vel a j\u00f6v\u0151ben saj\u00e1t magunk k\u00edv\u00e1njuk megvarrni az alapterm\u00e9keket is, melyeket k\u00e9s\u0151bb a h\u00edmz\u0151asszonyoknak adunk tov\u00e1bb a maty\u00f3 mot\u00edvumokkal val\u00f3 d\u00edsz\u00edt\u00e9sre, tov\u00e1bb\u00e1 j\u00f6v\u0151beli terveink k\u00f6z\u00f6tt szerepel egy\u00e9b ruhaipari szerepl\u0151knek varrodai szolg\u00e1ltat\u00e1s ny\u00fajt\u00e1sa. A fejleszt\u00e9s hat\u00e1s\u00e1ra t\u00f6bb ember juthat munk\u00e1hoz, gyarapodhatnak a kapacit\u00e1sok, ez\u00e1ltal a bev\u00e9telek dinamikusan n\u0151hetnek, melyeket vissza k\u00edv\u00e1nunk forgatni v\u00e1llalkoz\u00e1sunkba<\/p>\n<p>Jelenlegi form\u00e1j\u00e1ban a v\u00e1llalkoz\u00e1s 2014 \u00f3ta m\u0171k\u00f6dik. A tulajdonosok, V\u00e1czi Roz\u00e1lia \u00e9s Borb\u00e1la gyermekkoruk \u00f3ta ismerik a h\u00edmz\u0151asszonyokat, akik kezdetben nevel\u0151k\u00e9nt, majd foglalkoztatott h\u00edmz\u0151asszonyokk\u00e9nt voltak mellett\u00fck. A munkat\u00e1rsaink mindegyike tapasztalattal rendelkezik a majdani h\u00e1tr\u00e1nyos helyzet\u0171 munkat\u00e1rsainkkal val\u00f3 egy\u00fcttm\u0171k\u00f6d\u00e9sben, ismeri a helyiek ig\u00e9nyeit, \u00e9rt\u00e9krendj\u00fcket \u00e9s munkab\u00edr\u00e1sukat. C\u00e9lunk a maty\u00f3 kult\u00fara meg\u0151rz\u00e9se, a helyi emberek foglalkoztat\u00e1sa, j\u00f3l\u00e9t\u00fck n\u00f6vel\u00e9se. Jelenleg 15\u201020 h\u00edmz\u0151n\u0151t egyszer\u0171s\u00edtett foglalkoztat\u00e1s keret\u00e9ben juttatunk munk\u00e1hoz, a projekt keret\u00e9ben 8,5 h\u00e1tr\u00e1nyos helyzet\u0171 munkav\u00e1llal\u00f3 foglalkoztat\u00e1s\u00e1t t\u0171zt\u00fck ki, sz\u00e1mukra a helyi varroda kialak\u00edt\u00e1s\u00e1val adunk lehet\u0151s\u00e9get.<\/p>\n<p>A Matyodesign a GINOP\u20105.1.3\u201016\u2010os projekt sor\u00e1n l\u00e9trehozott Matyodesign Center k\u00f6z\u00f6ss\u00e9gi t\u00e9r mellett a j\u00f6v\u0151ben az \u00faj GINOP\u20105.1.7\u201017\u2010es projekt keret\u00e9ben tervezett fejleszt\u00e9ssel a varrodai kapacit\u00e1sait k\u00edv\u00e1nja b\u0151v\u00edteni. Jelenleg a rendelkez\u00e9sre \u00e1ll\u00f3 varr\u00f3g\u00e9peink korl\u00e1tozottak, sz\u00e1mos olyan ruhadarabot \u00e9rt\u00e9kes\u00edt\u00fcnk, amelyek varr\u00e1si \u00e9s szab\u00e1sz feladatait nem k\u00e9pesek a g\u00e9pek ell\u00e1tni. A legt\u00f6bb text\u00edli\u00e1t k\u00e9szre szabottan v\u00e1s\u00e1roljuk meg az egyedi h\u00edmz\u00e9st megel\u0151z\u0151en. A varroda kialak\u00edt\u00e1s\u00e1val terveink szerint k\u00f6lts\u00e9geket cs\u00f6kkenthet\u00fcnk (legyen sz\u00f3 a disztrib\u00faci\u00f3r\u00f3l, a beszerz\u00e9si \u00e1rakr\u00f3l), hat\u00e9konys\u00e1got n\u00f6velhet\u00fcnk, emellett kijel\u00f6lhet\u00fcnk egy \u00fajabb \u00fczlet\u00e1gat, a varrodai szolg\u00e1ltat\u00e1sny\u00fajt\u00e1st kis kollekci\u00f3j\u00fa magyar tervez\u0151k sz\u00e1m\u00e1ra.<\/p>\n<\/div>\n<\/div>\n<\/div>\n<\/div>\n<\/div>\n<\/div>\n<\/div>\n\n\t\t<\/div>\n\t<\/div>\n\n\t<\/div>\n\n\t<div id=\"tab-1741875511195-3-10\" class=\"wpb_tab ui-tabs-panel wpb_ui-tabs-hide vc_clearfix\">\n\t\t<div class=\"vc_row wpb_row vc_inner vc_row-fluid\" ><div class=\"wpb_column vc_column_container vc_col-sm-6\"><div class=\"vc_column-inner\"><div class=\"wpb_wrapper\">\n\t<div class=\"wpb_text_column wpb_content_element\" >\n\t\t<div class=\"wpb_wrapper\">\n\t\t\t<div class=\"gmail_quote\">\n<div lang=\"HU\">\n<p><strong>A kedvezm\u00e9nyezett neve:<br \/>\n<\/strong>Matyodesign Nonprofit Kft.<\/p>\n<p><strong>A projekt c\u00edme:<br \/>\n<\/strong>Matyodesign Center<\/p>\n<p><strong>A t\u00e1mogat\u00e1s \u00f6sszege:<br \/>\n<\/strong>31\u00a0724\u00a0000 Ft<\/p>\n<p><strong>A t\u00e1mogat\u00e1s m\u00e9rt\u00e9ke:<br \/>\n<\/strong>93,68%<\/p>\n<p><strong>A projekt azonos\u00edt\u00f3sz\u00e1ma:<br \/>\n<\/strong>GINOP-5.1.3-16-2017-00007<\/p>\n<p><strong>A p\u00e1ly\u00e1zati felh\u00edv\u00e1s neve, k\u00f3dsz\u00e1ma:<br \/>\n<\/strong>GINOP-1.2.14-20 Divat \u00e9s Diz\u00e1jnipari mikro-, kis- \u00e9s k\u00f6z\u00e9pv\u00e1llalkoz\u00e1sok modern \u00fczleti \u00e9s termel\u00e9si kih\u00edv\u00e1sokhoz val\u00f3 alkalmazkod\u00e1s\u00e1t seg\u00edt\u0151 fejleszt\u00e9sek t\u00e1mogat\u00e1sa<\/p>\n<p><strong>A projekt t\u00e9nyleges befejez\u00e9si d\u00e1tuma:<br \/>\n<\/strong>2019.01.31.<\/p>\n<\/div>\n<\/div>\n\n\t\t<\/div>\n\t<\/div>\n<\/div><\/div><\/div><div class=\"wpb_column vc_column_container vc_col-sm-6\"><div class=\"vc_column-inner\"><div class=\"wpb_wrapper\">\n\t<div  class=\"wpb_single_image wpb_content_element vc_align_left\">\n\t\t\n\t\t<figure class=\"wpb_wrapper vc_figure\">\n\t\t\t<div class=\"vc_single_image-wrapper   vc_box_border_grey\"><img loading=\"lazy\" decoding=\"async\" width=\"1453\" height=\"1004\" src=\"https:\/\/matyodesign.hu\/wp-content\/uploads\/2025\/03\/infoblokk_kedv_final_CMYK_-ESZA.jpg\" class=\"vc_single_image-img attachment-full\" alt=\"\" title=\"infoblokk_kedv_final_CMYK_ ESZA\" srcset=\"https:\/\/matyodesign.hu\/wp-content\/uploads\/2025\/03\/infoblokk_kedv_final_CMYK_-ESZA.jpg 1453w, https:\/\/matyodesign.hu\/wp-content\/uploads\/2025\/03\/infoblokk_kedv_final_CMYK_-ESZA-300x207.jpg 300w, https:\/\/matyodesign.hu\/wp-content\/uploads\/2025\/03\/infoblokk_kedv_final_CMYK_-ESZA-1024x708.jpg 1024w, https:\/\/matyodesign.hu\/wp-content\/uploads\/2025\/03\/infoblokk_kedv_final_CMYK_-ESZA-768x531.jpg 768w, https:\/\/matyodesign.hu\/wp-content\/uploads\/2025\/03\/infoblokk_kedv_final_CMYK_-ESZA-18x12.jpg 18w, https:\/\/matyodesign.hu\/wp-content\/uploads\/2025\/03\/infoblokk_kedv_final_CMYK_-ESZA-600x415.jpg 600w\" sizes=\"auto, (max-width: 1453px) 100vw, 1453px\" \/><\/div>\n\t\t<\/figure>\n\t<\/div>\n<\/div><\/div><\/div><\/div>\n\t<div class=\"wpb_text_column wpb_content_element\" >\n\t\t<div class=\"wpb_wrapper\">\n\t\t\t<div class=\"gmail_quote\">\n<div lang=\"HU\">\n<div class=\"page\" title=\"Page 1\">\n<div class=\"section\">\n<div class=\"layoutArea\">\n<div class=\"column\">\n<p><strong><span lang=\"HU\">A projekt \u00f6sszefoglal\u00e1sa:<\/span><\/strong><\/p>\n<p>A projekt keret\u00e9ben Tard, R\u00e1k\u00f3czi \u00fat 30. alatti megval\u00f3s\u00edt\u00e1si helysz\u00edn\u00fcnk\u00f6n 5 f\u0151 munkav\u00e1llal\u00f3 foglalkoztat\u00e1s\u00e1ra ker\u00fclt sor. A munkav\u00e1llal\u00f3ink hozz\u00e1j\u00e1rultak t\u00e1rsadalmi v\u00e1llalkoz\u00e1sunk m\u0171k\u00f6dtet\u00e9s\u00e9hez, a tardi kult\u00fara \u00e9s eszm\u00e9ink tov\u00e1bbad\u00e1s\u00e1hoz. A bevont c\u00e9lcsoport tagok k\u00e9pz\u00e9sben is r\u00e9szt vettek, melynek hozz\u00e1adott \u00e9rt\u00e9kek\u00e9nt munk\u00e1jukat seg\u00edt\u0151 k\u00e9pess\u00e9gekre tettek szert. Foglalkoztatottjaink munk\u00e1j\u00e1t, valamint a projekt zavartalan el\u0151rehalad\u00e1s\u00e1t projektmenedzser \u00e9s p\u00e9nz\u00fcgyi menedzser seg\u00edtette. Piacra jut\u00e1si tev\u00e9kenys\u00e9g\u00fcnket online \u00e9s offline marketinggel val\u00f3s\u00edtottuk meg, honlapfejleszt\u00e9s seg\u00edts\u00e9g\u00e9vel n\u00f6velt\u00fcnk virtu\u00e1lis l\u00e1togat\u00f3ink sz\u00e1m\u00e1t, ezen k\u00edv\u00fcl eleget tett\u00fcnk t\u00e1j\u00e9koztat\u00e1si \u00e9s nyilv\u00e1noss\u00e1gi k\u00f6telezetts\u00e9g\u00fcnknek. Beszerz\u00e9sre ker\u00fcltek \u00faj eszk\u00f6zeink, t\u00f6bbek k\u00f6z\u00f6tt laptopok, irodai sz\u00e9kek, \u00edr\u00f3asztal, g\u00f6rg\u0151s sz\u00e9k, polcos sarokszekr\u00e9ny, egyedi polcrendszer, asztal, sz\u00e1r\u00edt\u00f3g\u00e9p, varr\u00f3g\u00e9pek. A megval\u00f3s\u00edt\u00e1si helysz\u00ednen infrastruktur\u00e1lis \u00e9s ingatlan beruh\u00e1z\u00e1s keret\u00e9ben \u00e9p\u00edt\u00e9si tev\u00e9kenys\u00e9gekre is sor ker\u00fclt. A projekt keret\u00e9ben \u00e9rt\u00e9kes\u00edt\u00e9sre fejlesztett term\u00e9kek sz\u00e1ma: 1. A piacra jut\u00e1st t\u00e1mogat\u00f3 tev\u00e9kenys\u00e9g megval\u00f3sul\u00e1sa online \u00e9s offline m\u00f3don t\u00f6rt\u00e9nt. Online marketing keret\u00e9ben Facebook kamp\u00e1ny, Google Adwords kamp\u00e1ny, Google Display kamp\u00e1ny, Facebook, Pinterest \u00e9s Instagram aktivit\u00e1s fokoz\u00e1sa zajlott, m\u00edg offline marketing form\u00e1j\u00e1ban sz\u00f3r\u00f3lapokat hoztunk l\u00e9tre \u00e9s terjesztett\u00fcnk.<\/p>\n<\/div>\n<\/div>\n<\/div>\n<\/div>\n<\/div>\n<\/div>\n\n\t\t<\/div>\n\t<\/div>\n\n\t<\/div>\n\n\t\t<\/div>\n\t<\/div>\n<\/div><\/div><\/div><\/div>\n<\/section>","protected":false},"excerpt":{"rendered":"Bemutat\u00f3teremMatyodesign Energetikai beruh\u00e1z\u00e1sMatyodesign VarrodaMatyodesign Center A kedvezm\u00e9nyezett neve: Matyodesign Nonprofit Kft. A projekt c\u00edme: Matyodesign Bemutat\u00f3terem A t\u00e1mogat\u00e1s \u00f6sszege: 34\u00a0446 331 Ft A t\u00e1mogat\u00e1s m\u00e9rt\u00e9ke: 70% A projekt azonos\u00edt\u00f3sz\u00e1ma: GINOP-1.2.14-20-2021-00063 A p\u00e1ly\u00e1zati felh\u00edv\u00e1s neve, k\u00f3dsz\u00e1ma: GINOP-1.2.14-20 Divat \u00e9s Diz\u00e1jnipari mikro-, [...]","protected":false},"author":1,"featured_media":0,"parent":0,"menu_order":0,"comment_status":"closed","ping_status":"closed","template":"","meta":{"footnotes":""},"class_list":["post-80756","page","type-page","status-publish","hentry"],"yoast_head":"<!-- This site is optimized with the Yoast SEO plugin v27.5 - https:\/\/yoast.com\/product\/yoast-seo-wordpress\/ -->\n<title>Matyodesign bemutat\u00f3terem projekt \u2013 T\u00e1mogat\u00e1s<\/title>\n<meta name=\"description\" content=\"A Matyodesign bemutat\u00f3terem projektje a GINOP t\u00e1mogat\u00e1s\u00e1val, c\u00e9lja a term\u00e9kfejleszt\u00e9s \u00e9s a viszontelad\u00f3i h\u00e1l\u00f3zat b\u0151v\u00edt\u00e9se.\" \/>\n<meta name=\"robots\" content=\"index, follow, max-snippet:-1, max-image-preview:large, max-video-preview:-1\" \/>\n<link rel=\"canonical\" href=\"https:\/\/matyodesign.hu\/en\/projektjeink\/\" \/>\n<meta property=\"og:locale\" content=\"en_GB\" \/>\n<meta property=\"og:type\" content=\"article\" \/>\n<meta property=\"og:title\" content=\"Matyodesign bemutat\u00f3terem projekt \u2013 T\u00e1mogat\u00e1s\" \/>\n<meta property=\"og:description\" content=\"A Matyodesign bemutat\u00f3terem projektje a GINOP t\u00e1mogat\u00e1s\u00e1val, c\u00e9lja a term\u00e9kfejleszt\u00e9s \u00e9s a viszontelad\u00f3i h\u00e1l\u00f3zat b\u0151v\u00edt\u00e9se.\" \/>\n<meta property=\"og:url\" content=\"https:\/\/matyodesign.hu\/en\/projektjeink\/\" \/>\n<meta property=\"og:site_name\" content=\"matyodesign\" \/>\n<meta property=\"article:modified_time\" content=\"2025-04-11T09:56:02+00:00\" \/>\n<meta name=\"twitter:card\" content=\"summary_large_image\" \/>\n<meta name=\"twitter:label1\" content=\"Estimated reading time\" \/>\n\t<meta name=\"twitter:data1\" content=\"6 minutes\" \/>\n<script type=\"application\/ld+json\" class=\"yoast-schema-graph\">{\"@context\":\"https:\\\/\\\/schema.org\",\"@graph\":[{\"@type\":\"WebPage\",\"@id\":\"https:\\\/\\\/matyodesign.hu\\\/projektjeink\\\/\",\"url\":\"https:\\\/\\\/matyodesign.hu\\\/projektjeink\\\/\",\"name\":\"Matyodesign bemutat\u00f3terem projekt \u2013 T\u00e1mogat\u00e1s\",\"isPartOf\":{\"@id\":\"https:\\\/\\\/matyodesign.hu\\\/#website\"},\"datePublished\":\"2019-09-22T20:50:20+00:00\",\"dateModified\":\"2025-04-11T09:56:02+00:00\",\"description\":\"A Matyodesign bemutat\u00f3terem projektje a GINOP t\u00e1mogat\u00e1s\u00e1val, c\u00e9lja a term\u00e9kfejleszt\u00e9s \u00e9s a viszontelad\u00f3i h\u00e1l\u00f3zat b\u0151v\u00edt\u00e9se.\",\"breadcrumb\":{\"@id\":\"https:\\\/\\\/matyodesign.hu\\\/projektjeink\\\/#breadcrumb\"},\"inLanguage\":\"en-GB\",\"potentialAction\":[{\"@type\":\"ReadAction\",\"target\":[\"https:\\\/\\\/matyodesign.hu\\\/projektjeink\\\/\"]}]},{\"@type\":\"BreadcrumbList\",\"@id\":\"https:\\\/\\\/matyodesign.hu\\\/projektjeink\\\/#breadcrumb\",\"itemListElement\":[{\"@type\":\"ListItem\",\"position\":1,\"name\":\"Kezd\u0151lap\",\"item\":\"https:\\\/\\\/matyodesign.hu\\\/\"},{\"@type\":\"ListItem\",\"position\":2,\"name\":\"PROJEKTJEINK\"}]},{\"@type\":\"WebSite\",\"@id\":\"https:\\\/\\\/matyodesign.hu\\\/#website\",\"url\":\"https:\\\/\\\/matyodesign.hu\\\/\",\"name\":\"matyodesign\",\"description\":\"K\u00e9zzel. Szeretettel. Neked.\",\"potentialAction\":[{\"@type\":\"SearchAction\",\"target\":{\"@type\":\"EntryPoint\",\"urlTemplate\":\"https:\\\/\\\/matyodesign.hu\\\/?s={search_term_string}\"},\"query-input\":{\"@type\":\"PropertyValueSpecification\",\"valueRequired\":true,\"valueName\":\"search_term_string\"}}],\"inLanguage\":\"en-GB\"}]}<\/script>\n<!-- \/ Yoast SEO plugin. -->","yoast_head_json":{"title":"Matyodesign bemutat\u00f3terem projekt \u2013 T\u00e1mogat\u00e1s","description":"A Matyodesign bemutat\u00f3terem projektje a GINOP t\u00e1mogat\u00e1s\u00e1val, c\u00e9lja a term\u00e9kfejleszt\u00e9s \u00e9s a viszontelad\u00f3i h\u00e1l\u00f3zat b\u0151v\u00edt\u00e9se.","robots":{"index":"index","follow":"follow","max-snippet":"max-snippet:-1","max-image-preview":"max-image-preview:large","max-video-preview":"max-video-preview:-1"},"canonical":"https:\/\/matyodesign.hu\/en\/projektjeink\/","og_locale":"en_GB","og_type":"article","og_title":"Matyodesign bemutat\u00f3terem projekt \u2013 T\u00e1mogat\u00e1s","og_description":"A Matyodesign bemutat\u00f3terem projektje a GINOP t\u00e1mogat\u00e1s\u00e1val, c\u00e9lja a term\u00e9kfejleszt\u00e9s \u00e9s a viszontelad\u00f3i h\u00e1l\u00f3zat b\u0151v\u00edt\u00e9se.","og_url":"https:\/\/matyodesign.hu\/en\/projektjeink\/","og_site_name":"matyodesign","article_modified_time":"2025-04-11T09:56:02+00:00","twitter_card":"summary_large_image","twitter_misc":{"Estimated reading time":"6 minutes"},"schema":{"@context":"https:\/\/schema.org","@graph":[{"@type":"WebPage","@id":"https:\/\/matyodesign.hu\/projektjeink\/","url":"https:\/\/matyodesign.hu\/projektjeink\/","name":"Matyodesign bemutat\u00f3terem projekt \u2013 T\u00e1mogat\u00e1s","isPartOf":{"@id":"https:\/\/matyodesign.hu\/#website"},"datePublished":"2019-09-22T20:50:20+00:00","dateModified":"2025-04-11T09:56:02+00:00","description":"A Matyodesign bemutat\u00f3terem projektje a GINOP t\u00e1mogat\u00e1s\u00e1val, c\u00e9lja a term\u00e9kfejleszt\u00e9s \u00e9s a viszontelad\u00f3i h\u00e1l\u00f3zat b\u0151v\u00edt\u00e9se.","breadcrumb":{"@id":"https:\/\/matyodesign.hu\/projektjeink\/#breadcrumb"},"inLanguage":"en-GB","potentialAction":[{"@type":"ReadAction","target":["https:\/\/matyodesign.hu\/projektjeink\/"]}]},{"@type":"BreadcrumbList","@id":"https:\/\/matyodesign.hu\/projektjeink\/#breadcrumb","itemListElement":[{"@type":"ListItem","position":1,"name":"Kezd\u0151lap","item":"https:\/\/matyodesign.hu\/"},{"@type":"ListItem","position":2,"name":"PROJEKTJEINK"}]},{"@type":"WebSite","@id":"https:\/\/matyodesign.hu\/#website","url":"https:\/\/matyodesign.hu\/","name":"matyodesign","description":"K\u00e9zzel. Szeretettel. Neked.","potentialAction":[{"@type":"SearchAction","target":{"@type":"EntryPoint","urlTemplate":"https:\/\/matyodesign.hu\/?s={search_term_string}"},"query-input":{"@type":"PropertyValueSpecification","valueRequired":true,"valueName":"search_term_string"}}],"inLanguage":"en-GB"}]}},"_links":{"self":[{"href":"https:\/\/matyodesign.hu\/en\/wp-json\/wp\/v2\/pages\/80756","targetHints":{"allow":["GET"]}}],"collection":[{"href":"https:\/\/matyodesign.hu\/en\/wp-json\/wp\/v2\/pages"}],"about":[{"href":"https:\/\/matyodesign.hu\/en\/wp-json\/wp\/v2\/types\/page"}],"author":[{"embeddable":true,"href":"https:\/\/matyodesign.hu\/en\/wp-json\/wp\/v2\/users\/1"}],"replies":[{"embeddable":true,"href":"https:\/\/matyodesign.hu\/en\/wp-json\/wp\/v2\/comments?post=80756"}],"version-history":[{"count":14,"href":"https:\/\/matyodesign.hu\/en\/wp-json\/wp\/v2\/pages\/80756\/revisions"}],"predecessor-version":[{"id":102274,"href":"https:\/\/matyodesign.hu\/en\/wp-json\/wp\/v2\/pages\/80756\/revisions\/102274"}],"wp:attachment":[{"href":"https:\/\/matyodesign.hu\/en\/wp-json\/wp\/v2\/media?parent=80756"}],"curies":[{"name":"wp","href":"https:\/\/api.w.org\/{rel}","templated":true}]}}